{"id":38885,"date":"2026-05-04T12:31:04","date_gmt":"2026-05-04T10:31:04","guid":{"rendered":"https:\/\/blog-pt.maxcolchon.com\/?page_id=38885"},"modified":"2026-09-04T10:00:08","modified_gmt":"2026-09-04T08:00:08","slug":"home","status":"publish","type":"page","link":"https:\/\/blog-pt.maxcolchon.com\/","title":{"rendered":"Home"},"content":{"rendered":"<div class=\"et_pb_section_0 et_pb_section et_section_regular et_block_section\">\n<div class=\"et_pb_row_0 et_pb_row et_flex_row\">\n<div class=\"et_pb_column_0 et_pb_column et_block_column et_pb_css_mix_blend_mode_passthrough et_flex_column_18_24 et_flex_column_16_24_tablet et_flex_column_24_24_phone et_flex_column_18_24_tabletWide\">\n<div class=\"et_pb_post_slider_0 et_pb_post_slider et_pb_bg_layout_dark et_pb_slider et_pb_slider_fullwidth_off et_pb_post_slider_image_background et_pb_slider_with_overlay et_animated et_pb_module et_flex_module\"><div class=\"et_pb_slides\"><div class=\"et_pb_slide et_pb_post_slide-22122 et_pb_bg_layout_dark\" style=\"background-repeat:no-repeat;background-image:url('https:\/\/blog-pt.maxcolchon.com\/wp-content\/uploads\/2022\/05\/blog-1-21.jpg');background-color:rgba(46, 163, 242, 0.31)\"><div class=\"et_pb_slide_overlay_container\"><\/div><div class=\"et_pb_container clearfix\"><div class=\"et_pb_slider_container_inner\"><div class=\"et_pb_slide_description\"><h2 class=\"et_pb_slide_title\"><a href=\"https:\/\/blog-pt.maxcolchon.com\/que-almofada-me-convem-para-a-dor-cervical\/\">Almofada para a dor cervical: Como escolher a melhor<\/a><\/h2><div class=\"et_pb_slide_content\"><div class=\"et_pb_slide_content_body\"><p>Escolher a <a href=\"https:\/\/www.maxcolchon.com\/pt\/almofadas-c-2?utm_source=blogPT&amp;utm_medium=internallink&amp;utm_campaign=almofadas\" data-internallinksmanager029f6b8e52c=\"21\" title=\"Almofadas\" target=\"_blank\" rel=\"noopener\">almofada<\/a> adequada pode ajud\u00e1-lo a manter um correto alinhamento do pesco\u00e7o durante o descanso. Compare as principais caracter\u00edsticas de&#8230;<\/p>\n<\/div><\/div><div class=\"et_pb_button_wrapper\"><a class=\"et_pb_button et_pb_more_button\" href=\"https:\/\/blog-pt.maxcolchon.com\/que-almofada-me-convem-para-a-dor-cervical\/\">Ler mais<\/a><\/div><\/div><\/div><\/div><\/div><div class=\"et_pb_slide et_pb_post_slide-20606 et_pb_bg_layout_dark\" style=\"background-repeat:no-repeat;background-image:url('https:\/\/blog-pt.maxcolchon.com\/wp-content\/uploads\/2021\/12\/blog-1-1-4.jpg');background-color:rgba(46, 163, 242, 0.31)\"><div class=\"et_pb_slide_overlay_container\"><\/div><div class=\"et_pb_container clearfix\"><div class=\"et_pb_slider_container_inner\"><div class=\"et_pb_slide_description\"><h2 class=\"et_pb_slide_title\"><a href=\"https:\/\/blog-pt.maxcolchon.com\/as-melhores-almofadas-para-2026\/\">As melhores almofadas para 2026<\/a><\/h2><div class=\"et_pb_slide_content\"><div class=\"et_pb_slide_content_body\"><p>Se n\u00e3o pode esperar mais para renovar parte do seu conjunto de descanso, aqui apresentamos-lhe as melhores\u00a0almofadas de 2026. E fazemo-lo com uma&#8230;<\/p>\n<\/div><\/div><div class=\"et_pb_button_wrapper\"><a class=\"et_pb_button et_pb_more_button\" href=\"https:\/\/blog-pt.maxcolchon.com\/as-melhores-almofadas-para-2026\/\">Ler mais<\/a><\/div><\/div><\/div><\/div><\/div><div class=\"et_pb_slide et_pb_post_slide-34958 et_pb_bg_layout_dark\" style=\"background-repeat:no-repeat;background-image:url('https:\/\/blog-pt.maxcolchon.com\/wp-content\/uploads\/2024\/09\/blog-hundimiento-colchon-1.jpg');background-color:rgba(46, 163, 242, 0.31)\"><div class=\"et_pb_slide_overlay_container\"><\/div><div class=\"et_pb_container clearfix\"><div class=\"et_pb_slider_container_inner\"><div class=\"et_pb_slide_description\"><h2 class=\"et_pb_slide_title\"><a href=\"https:\/\/blog-pt.maxcolchon.com\/afundamento-do-colchao-o-que-e-e-por-que-se-produz\/\">Afundamento Do Colch\u00e3o: O Que \u00c9 e Por Que Se Produz<\/a><\/h2><div class=\"et_pb_slide_content\"><div class=\"et_pb_slide_content_body\"><\/div><\/div><div class=\"et_pb_button_wrapper\"><a class=\"et_pb_button et_pb_more_button\" href=\"https:\/\/blog-pt.maxcolchon.com\/afundamento-do-colchao-o-que-e-e-por-que-se-produz\/\">Ler mais<\/a><\/div><\/div><\/div><\/div><\/div><div class=\"et_pb_slide et_pb_post_slide-12669 et_pb_bg_layout_dark\" style=\"background-repeat:no-repeat;background-image:url('https:\/\/blog-pt.maxcolchon.com\/wp-content\/uploads\/2024\/05\/1-blog-colchones-verano.jpg');background-color:rgba(46, 163, 242, 0.31)\"><div class=\"et_pb_slide_overlay_container\"><\/div><div class=\"et_pb_container clearfix\"><div class=\"et_pb_slider_container_inner\"><div class=\"et_pb_slide_description\"><h2 class=\"et_pb_slide_title\"><a href=\"https:\/\/blog-pt.maxcolchon.com\/os-melhores-colchoes-para-evitar-o-calor-deste-verao\/\">Os melhores colch\u00f5es de ver\u00e3o para um descanso fresco e reparador<\/a><\/h2><div class=\"et_pb_slide_content\"><div class=\"et_pb_slide_content_body\"><p>Apenas ter\u00e1 de olhar para as estat\u00edsticas hist\u00f3ricas de Aemet para se dar conta da mudan\u00e7a clim\u00e1tica que estamos a viver. Sem irmos mais longe do&#8230;<\/p>\n<\/div><\/div><div class=\"et_pb_button_wrapper\"><a class=\"et_pb_button et_pb_more_button\" href=\"https:\/\/blog-pt.maxcolchon.com\/os-melhores-colchoes-para-evitar-o-calor-deste-verao\/\">Ler mais<\/a><\/div><\/div><\/div><\/div><\/div><\/div><\/div>\n<\/div>\n\n<div class=\"et_pb_column_1 et_pb_column et-last-child et_flex_column et_pb_css_mix_blend_mode_passthrough et_animated et_clickable et_flex_column_6_24 et_flex_column_8_24_tablet et_flex_column_24_24_phone et_flex_column_6_24_tabletWide\">\n<div class=\"et_pb_text_0 et_pb_text et_pb_bg_layout_light et_pb_module et_flex_module\"><\/div>\n<\/div>\n<\/div>\n<\/div>\n\n<div class=\"et_pb_section_1 et_pb_section et_section_regular et_block_section\">\n<div class=\"et_pb_row_1 et_pb_row et_flex_row\">\n<div class=\"et_pb_column_2 et_pb_column et-last-child et_block_column et_pb_css_mix_blend_mode_passthrough et_flex_column_18_24 et_flex_column_16_24_tablet et_flex_column_24_24_phone et_flex_column_18_24_tabletWide\">\n<div class=\"et_pb_post_slider_1 et_pb_post_slider et_pb_bg_layout_dark et_pb_slider et_pb_slider_fullwidth_off et_pb_post_slider_image_background et_pb_slider_with_overlay et_animated et_pb_module et_flex_module\"><div class=\"et_pb_slides\"><div class=\"et_pb_slide et_pb_post_slide-22122 et_pb_bg_layout_dark\" style=\"background-repeat:no-repeat;background-image:url('https:\/\/blog-pt.maxcolchon.com\/wp-content\/uploads\/2022\/05\/blog-1-21.jpg');background-color:rgba(46, 163, 242, 0.31)\"><div class=\"et_pb_slide_overlay_container\"><\/div><div class=\"et_pb_container clearfix\"><div class=\"et_pb_slider_container_inner\"><div class=\"et_pb_slide_description\"><h2 class=\"et_pb_slide_title\"><a href=\"https:\/\/blog-pt.maxcolchon.com\/que-almofada-me-convem-para-a-dor-cervical\/\">Almofada para a dor cervical: Como escolher a melhor<\/a><\/h2><div class=\"et_pb_slide_content\"><div class=\"et_pb_slide_content_body\"><p>Escolher a almofada adequada pode ajud\u00e1-lo a manter um correto alinhamento do pesco\u00e7o durante o&#8230;<\/p>\n<\/div><\/div><div class=\"et_pb_button_wrapper\"><a class=\"et_pb_button et_pb_more_button\" href=\"https:\/\/blog-pt.maxcolchon.com\/que-almofada-me-convem-para-a-dor-cervical\/\">Leer m\u00e1s<\/a><\/div><\/div><\/div><\/div><\/div><div class=\"et_pb_slide et_pb_post_slide-20606 et_pb_bg_layout_dark\" style=\"background-repeat:no-repeat;background-image:url('https:\/\/blog-pt.maxcolchon.com\/wp-content\/uploads\/2021\/12\/blog-1-1-4.jpg');background-color:rgba(46, 163, 242, 0.31)\"><div class=\"et_pb_slide_overlay_container\"><\/div><div class=\"et_pb_container clearfix\"><div class=\"et_pb_slider_container_inner\"><div class=\"et_pb_slide_description\"><h2 class=\"et_pb_slide_title\"><a href=\"https:\/\/blog-pt.maxcolchon.com\/as-melhores-almofadas-para-2026\/\">As melhores almofadas para 2026<\/a><\/h2><div class=\"et_pb_slide_content\"><div class=\"et_pb_slide_content_body\"><p>Se n\u00e3o pode esperar mais para renovar parte do seu conjunto de descanso, aqui apresentamos-lhe as&#8230;<\/p>\n<\/div><\/div><div class=\"et_pb_button_wrapper\"><a class=\"et_pb_button et_pb_more_button\" href=\"https:\/\/blog-pt.maxcolchon.com\/as-melhores-almofadas-para-2026\/\">Leer m\u00e1s<\/a><\/div><\/div><\/div><\/div><\/div><div class=\"et_pb_slide et_pb_post_slide-34958 et_pb_bg_layout_dark\" style=\"background-repeat:no-repeat;background-image:url('https:\/\/blog-pt.maxcolchon.com\/wp-content\/uploads\/2024\/09\/blog-hundimiento-colchon-1.jpg');background-color:rgba(46, 163, 242, 0.31)\"><div class=\"et_pb_slide_overlay_container\"><\/div><div class=\"et_pb_container clearfix\"><div class=\"et_pb_slider_container_inner\"><div class=\"et_pb_slide_description\"><h2 class=\"et_pb_slide_title\"><a href=\"https:\/\/blog-pt.maxcolchon.com\/afundamento-do-colchao-o-que-e-e-por-que-se-produz\/\">Afundamento Do Colch\u00e3o: O Que \u00c9 e Por Que Se Produz<\/a><\/h2><div class=\"et_pb_slide_content\"><div class=\"et_pb_slide_content_body\"><\/div><\/div><div class=\"et_pb_button_wrapper\"><a class=\"et_pb_button et_pb_more_button\" href=\"https:\/\/blog-pt.maxcolchon.com\/afundamento-do-colchao-o-que-e-e-por-que-se-produz\/\">Leer m\u00e1s<\/a><\/div><\/div><\/div><\/div><\/div><div class=\"et_pb_slide et_pb_post_slide-12669 et_pb_bg_layout_dark\" style=\"background-repeat:no-repeat;background-image:url('https:\/\/blog-pt.maxcolchon.com\/wp-content\/uploads\/2024\/05\/1-blog-colchones-verano.jpg');background-color:rgba(46, 163, 242, 0.31)\"><div class=\"et_pb_slide_overlay_container\"><\/div><div class=\"et_pb_container clearfix\"><div class=\"et_pb_slider_container_inner\"><div class=\"et_pb_slide_description\"><h2 class=\"et_pb_slide_title\"><a href=\"https:\/\/blog-pt.maxcolchon.com\/os-melhores-colchoes-para-evitar-o-calor-deste-verao\/\">Os melhores colch\u00f5es de ver\u00e3o para um descanso fresco e reparador<\/a><\/h2><div class=\"et_pb_slide_content\"><div class=\"et_pb_slide_content_body\"><p>Apenas ter\u00e1 de olhar para as estat\u00edsticas hist\u00f3ricas de Aemet para se dar conta da mudan\u00e7a&#8230;<\/p>\n<\/div><\/div><div class=\"et_pb_button_wrapper\"><a class=\"et_pb_button et_pb_more_button\" href=\"https:\/\/blog-pt.maxcolchon.com\/os-melhores-colchoes-para-evitar-o-calor-deste-verao\/\">Leer m\u00e1s<\/a><\/div><\/div><\/div><\/div><\/div><\/div><\/div>\n<\/div>\n<\/div>\n\n<div class=\"et_pb_row_2 et_pb_row et_flex_row\">\n<div class=\"et_pb_column_3 et_pb_column et-last-child et_flex_column et_pb_css_mix_blend_mode_passthrough et_flex_column_24_24 et_flex_column_24_24_tablet et_flex_column_24_24_phone et_flex_column_24_24_tabletWide\">\n<div class=\"et_pb_image_0 et_pb_image et_pb_module et_flex_module\"><a href=\"https:\/\/www.maxcolchon.com\/pt\/\" target=\"_blank\" rel=\"noopener\"><span class=\"et_pb_image_wrap\"><img decoding=\"async\" src=\"data:image\/svg+xml;base64,PHN2ZyB3aWR0aD0iMTA4MCIgaGVpZ2h0PSI1NDAiIHZpZXdCb3g9IjAgMCAxMDgwIDU0MCIgeG1sbnM9Imh0dHA6Ly93d3cudzMub3JnLzIwMDAvc3ZnIj4KICAgIDxnIGZpbGw9Im5vbmUiIGZpbGwtcnVsZT0iZXZlbm9kZCI+CiAgICAgICAgPHBhdGggZmlsbD0iI0VCRUJFQiIgZD0iTTAgMGgxMDgwdjU0MEgweiIvPgogICAgICAgIDxwYXRoIGQ9Ik00NDUuNjQ5IDU0MGgtOTguOTk1TDE0NC42NDkgMzM3Ljk5NSAwIDQ4Mi42NDR2LTk4Ljk5NWwxMTYuMzY1LTExNi4zNjVjMTUuNjItMTUuNjIgNDAuOTQ3LTE1LjYyIDU2LjU2OCAwTDQ0NS42NSA1NDB6IiBmaWxsLW9wYWNpdHk9Ii4xIiBmaWxsPSIjMDAwIiBmaWxsLXJ1bGU9Im5vbnplcm8iLz4KICAgICAgICA8Y2lyY2xlIGZpbGwtb3BhY2l0eT0iLjA1IiBmaWxsPSIjMDAwIiBjeD0iMzMxIiBjeT0iMTQ4IiByPSI3MCIvPgogICAgICAgIDxwYXRoIGQ9Ik0xMDgwIDM3OXYxMTMuMTM3TDcyOC4xNjIgMTQwLjMgMzI4LjQ2MiA1NDBIMjE1LjMyNEw2OTkuODc4IDU1LjQ0NmMxNS42Mi0xNS42MiA0MC45NDgtMTUuNjIgNTYuNTY4IDBMMTA4MCAzNzl6IiBmaWxsLW9wYWNpdHk9Ii4yIiBmaWxsPSIjMDAwIiBmaWxsLXJ1bGU9Im5vbnplcm8iLz4KICAgIDwvZz4KPC9zdmc+Cg==\" title=\"blog-backto-HOME-15-PT\" class=\"wp-image-39332\" \/><\/span><\/a><\/div>\n<\/div>\n<\/div>\n<\/div>\n\n<div class=\"et_pb_section_2 et_pb_section et_section_regular et_flex_section\">\n<div class=\"et_pb_row_3 et_pb_row et_flex_row\">\n<div class=\"et_pb_column_4 et_pb_column et-last-child et_flex_column et_pb_css_mix_blend_mode_passthrough et_flex_column_24_24 et_flex_column_24_24_tablet et_flex_column_24_24_phone et_flex_column_24_24_tabletWide\">\n<div class=\"et_pb_text_1 et_pb_text et_pb_bg_layout_light et_pb_module et_flex_module\"><div class=\"et_pb_text_inner\"><h2 style=\"text-align: center;\">Os melhores conselhos para o descanso<\/h2>\n<\/div><\/div>\n\n<div class=\"et_pb_group_carousel_0 et_pb_group_carousel et_pb_group et_pb_module et_pb_group_carousel_arrows_outside et_pb_group_carousel_dots_center et_pb_group_carousel_dots_below et_pb_group_carousel_slides_4 et_animated\"><div class=\"et_pb_group_carousel_container\"><div class=\"et_pb_group_carousel_track\"><div class=\"et_pb_group_carousel_slide\"><div class=\"et_pb_group_0 et_pb_group et_pb_module et_flex_group et_pb_css_mix_blend_mode_passthrough\" data-loop-item=\"0\">\n<div class=\"et_pb_image_1 et_pb_image et_pb_module et_flex_module\"><a href=\"https:\/\/blog-pt.maxcolchon.com\/afundamento-do-colchao-o-que-e-e-por-que-se-produz\/\"><span class=\"et_pb_image_wrap\"><img decoding=\"async\" src=\"https:\/\/blog-pt.maxcolchon.com\/wp-content\/uploads\/2024\/09\/blog-hundimiento-colchon-1-1024x452.jpg\" title=\"afundamento do colch\u00e3o\" width=\"1024\" height=\"452\" srcset=\"https:\/\/blog-pt.maxcolchon.com\/wp-content\/uploads\/2024\/09\/blog-hundimiento-colchon-1-1024x452.jpg 1024w, https:\/\/blog-pt.maxcolchon.com\/wp-content\/uploads\/2024\/09\/blog-hundimiento-colchon-1-300x132.jpg 300w, https:\/\/blog-pt.maxcolchon.com\/wp-content\/uploads\/2024\/09\/blog-hundimiento-colchon-1-768x339.jpg 768w, https:\/\/blog-pt.maxcolchon.com\/wp-content\/uploads\/2024\/09\/blog-hundimiento-colchon-1-1080x477.jpg 1080w, https:\/\/blog-pt.maxcolchon.com\/wp-content\/uploads\/2024\/09\/blog-hundimiento-colchon-1.jpg 1446w\" sizes=\"(max-width: 1024px) 100vw, 1024px\" class=\"wp-image-35159\" \/><\/span><\/a><\/div>\n\n<div class=\"et_pb_text_2 et_pb_text et_pb_bg_layout_light et_clickable et_pb_module et_flex_module\"><div class=\"et_pb_text_inner\"><p>Afundamento Do <a href=\"https:\/\/www.maxcolchon.com\/pt\/colchoes-c-1?utm_source=blogPT&amp;utm_medium=internallink&amp;utm_campaign=colchoes\" data-internallinksmanager029f6b8e52c=\"1\" title=\"Colch\u00f5es\" target=\"_blank\" rel=\"noopener\">Colch\u00e3o<\/a>: O Que \u00c9 e Por Que Se Produz<\/p>\n<\/div><\/div>\n\n<div class=\"et_pb_text_3 et_pb_text et_pb_bg_layout_light et_pb_module et_flex_module\"><div class=\"et_pb_text_inner\"><p>21 Ago, 2026<\/p>\n<\/div><\/div>\n\n<div class=\"et_pb_text_4 et_pb_text et_pb_bg_layout_light et_pb_module et_flex_module\"><div class=\"et_pb_text_inner\"><p> <a href=\"https:\/\/blog-pt.maxcolchon.com\/afundamento-do-colchao-o-que-e-e-por-que-se-produz\/\">Ler mais<\/a><\/p>\n<\/div><\/div>\n<\/div><\/div><div class=\"et_pb_group_carousel_slide\"><div class=\"et_pb_group_1 et_pb_group et_pb_module et_flex_group et_pb_css_mix_blend_mode_passthrough\" data-loop-item=\"1\">\n<div class=\"et_pb_image_2 et_pb_image et_pb_module et_flex_module\"><a href=\"https:\/\/blog-pt.maxcolchon.com\/o-que-jantar-numa-noite-de-calor\/\"><span class=\"et_pb_image_wrap\"><img decoding=\"async\" src=\"https:\/\/blog-pt.maxcolchon.com\/wp-content\/uploads\/2022\/07\/blog-1-11-1024x452.jpg\" alt=\"peda\u00e7o de salm\u00e3o com legumes grelhados\" title=\"O que jantar numa noite de calor\" width=\"1024\" height=\"452\" srcset=\"https:\/\/blog-pt.maxcolchon.com\/wp-content\/uploads\/2022\/07\/blog-1-11-1024x452.jpg 1024w, https:\/\/blog-pt.maxcolchon.com\/wp-content\/uploads\/2022\/07\/blog-1-11-300x132.jpg 300w, https:\/\/blog-pt.maxcolchon.com\/wp-content\/uploads\/2022\/07\/blog-1-11-768x339.jpg 768w, https:\/\/blog-pt.maxcolchon.com\/wp-content\/uploads\/2022\/07\/blog-1-11-1080x477.jpg 1080w, https:\/\/blog-pt.maxcolchon.com\/wp-content\/uploads\/2022\/07\/blog-1-11.jpg 1446w\" sizes=\"(max-width: 1024px) 100vw, 1024px\" class=\"wp-image-22942\" \/><\/span><\/a><\/div>\n\n<div class=\"et_pb_text_5 et_pb_text et_pb_bg_layout_light et_clickable et_pb_module et_flex_module\"><div class=\"et_pb_text_inner\"><p>80 Ideias para Jantares Frescos de Ver\u00e3o<\/p>\n<\/div><\/div>\n\n<div class=\"et_pb_text_6 et_pb_text et_pb_bg_layout_light et_pb_module et_flex_module\"><div class=\"et_pb_text_inner\"><p>3 Ago, 2026<\/p>\n<\/div><\/div>\n\n<div class=\"et_pb_text_7 et_pb_text et_pb_bg_layout_light et_pb_module et_flex_module\"><div class=\"et_pb_text_inner\"><p> <a href=\"https:\/\/blog-pt.maxcolchon.com\/o-que-jantar-numa-noite-de-calor\/\">Ler mais<\/a><\/p>\n<\/div><\/div>\n<\/div><\/div><div class=\"et_pb_group_carousel_slide\"><div class=\"et_pb_group_2 et_pb_group et_pb_module et_flex_group et_pb_css_mix_blend_mode_passthrough\" data-loop-item=\"2\">\n<div class=\"et_pb_image_3 et_pb_image et_pb_module et_flex_module\"><a href=\"https:\/\/blog-pt.maxcolchon.com\/como-devemos-fazer-a-sesta-durante-o-verao\/\"><span class=\"et_pb_image_wrap\"><img decoding=\"async\" src=\"https:\/\/blog-pt.maxcolchon.com\/wp-content\/uploads\/2024\/08\/1-blog-siesta-verano-1024x452.jpg\" title=\"sestas de ver\u00e3o\" width=\"1024\" height=\"452\" srcset=\"https:\/\/blog-pt.maxcolchon.com\/wp-content\/uploads\/2024\/08\/1-blog-siesta-verano-1024x452.jpg 1024w, https:\/\/blog-pt.maxcolchon.com\/wp-content\/uploads\/2024\/08\/1-blog-siesta-verano-300x132.jpg 300w, https:\/\/blog-pt.maxcolchon.com\/wp-content\/uploads\/2024\/08\/1-blog-siesta-verano-768x339.jpg 768w, https:\/\/blog-pt.maxcolchon.com\/wp-content\/uploads\/2024\/08\/1-blog-siesta-verano-1080x477.jpg 1080w, https:\/\/blog-pt.maxcolchon.com\/wp-content\/uploads\/2024\/08\/1-blog-siesta-verano.jpg 1446w\" sizes=\"(max-width: 1024px) 100vw, 1024px\" class=\"wp-image-36052\" \/><\/span><\/a><\/div>\n\n<div class=\"et_pb_text_8 et_pb_text et_pb_bg_layout_light et_clickable et_pb_module et_flex_module\"><div class=\"et_pb_text_inner\"><p>Sestas de Ver\u00e3o: Benef\u00edcios, e Como as Desfrutar<\/p>\n<\/div><\/div>\n\n<div class=\"et_pb_text_9 et_pb_text et_pb_bg_layout_light et_pb_module et_flex_module\"><div class=\"et_pb_text_inner\"><p>3 Ago, 2026<\/p>\n<\/div><\/div>\n\n<div class=\"et_pb_text_10 et_pb_text et_pb_bg_layout_light et_pb_module et_flex_module\"><div class=\"et_pb_text_inner\"><p> <a href=\"https:\/\/blog-pt.maxcolchon.com\/como-devemos-fazer-a-sesta-durante-o-verao\/\">Ler mais<\/a><\/p>\n<\/div><\/div>\n<\/div><\/div><div class=\"et_pb_group_carousel_slide\"><div class=\"et_pb_group_3 et_pb_group et_pb_module et_flex_group et_pb_css_mix_blend_mode_passthrough\" data-loop-item=\"3\">\n<div class=\"et_pb_image_4 et_pb_image et_pb_module et_flex_module\"><a href=\"https:\/\/blog-pt.maxcolchon.com\/como-dormir-fresco-sem-ventilador\/\"><span class=\"et_pb_image_wrap\"><img decoding=\"async\" src=\"https:\/\/blog-pt.maxcolchon.com\/wp-content\/uploads\/2025\/05\/08-1-1024x452.jpg\" title=\"08-1\" width=\"1024\" height=\"452\" srcset=\"https:\/\/blog-pt.maxcolchon.com\/wp-content\/uploads\/2025\/05\/08-1-980x432.jpg 980w, https:\/\/blog-pt.maxcolchon.com\/wp-content\/uploads\/2025\/05\/08-1-480x212.jpg 480w\" sizes=\"(min-width: 0px) and (max-width: 480px) 480px, (min-width: 481px) and (max-width: 980px) 980px, (min-width: 981px) 1024px, 100vw\" class=\"wp-image-39214\" \/><\/span><\/a><\/div>\n\n<div class=\"et_pb_text_11 et_pb_text et_pb_bg_layout_light et_clickable et_pb_module et_flex_module\"><div class=\"et_pb_text_inner\"><p>Como dormir fresco sem ventilador<\/p>\n<\/div><\/div>\n\n<div class=\"et_pb_text_12 et_pb_text et_pb_bg_layout_light et_pb_module et_flex_module\"><div class=\"et_pb_text_inner\"><p>30 Jun, 2026<\/p>\n<\/div><\/div>\n\n<div class=\"et_pb_text_13 et_pb_text et_pb_bg_layout_light et_pb_module et_flex_module\"><div class=\"et_pb_text_inner\"><p> <a href=\"https:\/\/blog-pt.maxcolchon.com\/como-dormir-fresco-sem-ventilador\/\">Ler mais<\/a><\/p>\n<\/div><\/div>\n<\/div><\/div><div class=\"et_pb_group_carousel_slide\"><div class=\"et_pb_group_4 et_pb_group et_pb_module et_flex_group et_pb_css_mix_blend_mode_passthrough\" data-loop-item=\"4\">\n<div class=\"et_pb_image_5 et_pb_image et_pb_module et_flex_module\"><a href=\"https:\/\/blog-pt.maxcolchon.com\/pode-se-lavar-a-capa-do-colchao\/\"><span class=\"et_pb_image_wrap\"><img decoding=\"async\" src=\"https:\/\/blog-pt.maxcolchon.com\/wp-content\/uploads\/2025\/07\/blog-lavar-funda-colchon-1-1024x452.jpg\" title=\"lavar a capa do colch\u00e3o\" width=\"1024\" height=\"452\" srcset=\"https:\/\/blog-pt.maxcolchon.com\/wp-content\/uploads\/2025\/07\/blog-lavar-funda-colchon-1-1024x452.jpg 1024w, https:\/\/blog-pt.maxcolchon.com\/wp-content\/uploads\/2025\/07\/blog-lavar-funda-colchon-1-300x132.jpg 300w, https:\/\/blog-pt.maxcolchon.com\/wp-content\/uploads\/2025\/07\/blog-lavar-funda-colchon-1-768x339.jpg 768w, https:\/\/blog-pt.maxcolchon.com\/wp-content\/uploads\/2025\/07\/blog-lavar-funda-colchon-1-1080x477.jpg 1080w, https:\/\/blog-pt.maxcolchon.com\/wp-content\/uploads\/2025\/07\/blog-lavar-funda-colchon-1.jpg 1446w\" sizes=\"(max-width: 1024px) 100vw, 1024px\" class=\"wp-image-36148\" \/><\/span><\/a><\/div>\n\n<div class=\"et_pb_text_14 et_pb_text et_pb_bg_layout_light et_clickable et_pb_module et_flex_module\"><div class=\"et_pb_text_inner\"><p>Pode-se lavar a capa do colch\u00e3o?<\/p>\n<\/div><\/div>\n\n<div class=\"et_pb_text_15 et_pb_text et_pb_bg_layout_light et_pb_module et_flex_module\"><div class=\"et_pb_text_inner\"><p>30 Jun, 2026<\/p>\n<\/div><\/div>\n\n<div class=\"et_pb_text_16 et_pb_text et_pb_bg_layout_light et_pb_module et_flex_module\"><div class=\"et_pb_text_inner\"><p> <a href=\"https:\/\/blog-pt.maxcolchon.com\/pode-se-lavar-a-capa-do-colchao\/\">Ler mais<\/a><\/p>\n<\/div><\/div>\n<\/div><\/div><div class=\"et_pb_group_carousel_slide\"><div class=\"et_pb_group_5 et_pb_group et_pb_module et_flex_group et_pb_css_mix_blend_mode_passthrough\" data-loop-item=\"5\">\n<div class=\"et_pb_image_6 et_pb_image et_pb_module et_flex_module\"><a href=\"https:\/\/blog-pt.maxcolchon.com\/agora-tem-120-noites-de-teste-na-maxcolchon\/\"><span class=\"et_pb_image_wrap\"><img decoding=\"async\" src=\"https:\/\/blog-pt.maxcolchon.com\/wp-content\/uploads\/2026\/06\/banner-1-120-noches-prueba-1024x452.jpg\" title=\"120 noites de teste\" width=\"1024\" height=\"452\" srcset=\"https:\/\/blog-pt.maxcolchon.com\/wp-content\/uploads\/2026\/06\/banner-1-120-noches-prueba-980x432.jpg 980w, https:\/\/blog-pt.maxcolchon.com\/wp-content\/uploads\/2026\/06\/banner-1-120-noches-prueba-480x212.jpg 480w\" sizes=\"(min-width: 0px) and (max-width: 480px) 480px, (min-width: 481px) and (max-width: 980px) 980px, (min-width: 981px) 1024px, 100vw\" class=\"wp-image-39173\" \/><\/span><\/a><\/div>\n\n<div class=\"et_pb_text_17 et_pb_text et_pb_bg_layout_light et_clickable et_pb_module et_flex_module\"><div class=\"et_pb_text_inner\"><p>Agora tem 120 noites de teste na Maxcolchon<\/p>\n<\/div><\/div>\n\n<div class=\"et_pb_text_18 et_pb_text et_pb_bg_layout_light et_pb_module et_flex_module\"><div class=\"et_pb_text_inner\"><p>17 Jun, 2026<\/p>\n<\/div><\/div>\n\n<div class=\"et_pb_text_19 et_pb_text et_pb_bg_layout_light et_pb_module et_flex_module\"><div class=\"et_pb_text_inner\"><p> <a href=\"https:\/\/blog-pt.maxcolchon.com\/agora-tem-120-noites-de-teste-na-maxcolchon\/\">Ler mais<\/a><\/p>\n<\/div><\/div>\n<\/div><\/div><div class=\"et_pb_group_carousel_slide\"><div class=\"et_pb_group_6 et_pb_group et_pb_module et_flex_group et_pb_css_mix_blend_mode_passthrough\" data-loop-item=\"6\">\n<div class=\"et_pb_image_7 et_pb_image et_pb_module et_flex_module\"><a href=\"https:\/\/blog-pt.maxcolchon.com\/o-descanso-perfeito-nao-deveria-ser-igual-para-todos\/\"><span class=\"et_pb_image_wrap\"><img decoding=\"async\" src=\"https:\/\/blog-pt.maxcolchon.com\/wp-content\/uploads\/2026\/06\/Gaudi-01-blog-1024x452.jpg\" title=\"Gaudi\" width=\"1024\" height=\"452\" srcset=\"https:\/\/blog-pt.maxcolchon.com\/wp-content\/uploads\/2026\/06\/Gaudi-01-blog-980x432.jpg 980w, https:\/\/blog-pt.maxcolchon.com\/wp-content\/uploads\/2026\/06\/Gaudi-01-blog-480x212.jpg 480w\" sizes=\"(min-width: 0px) and (max-width: 480px) 480px, (min-width: 481px) and (max-width: 980px) 980px, (min-width: 981px) 1024px, 100vw\" class=\"wp-image-39164\" \/><\/span><\/a><\/div>\n\n<div class=\"et_pb_text_20 et_pb_text et_pb_bg_layout_light et_clickable et_pb_module et_flex_module\"><div class=\"et_pb_text_inner\"><p>O descanso perfeito n\u00e3o deveria ser igual para todos<\/p>\n<\/div><\/div>\n\n<div class=\"et_pb_text_21 et_pb_text et_pb_bg_layout_light et_pb_module et_flex_module\"><div class=\"et_pb_text_inner\"><p>10 Jun, 2026<\/p>\n<\/div><\/div>\n\n<div class=\"et_pb_text_22 et_pb_text et_pb_bg_layout_light et_pb_module et_flex_module\"><div class=\"et_pb_text_inner\"><p> <a href=\"https:\/\/blog-pt.maxcolchon.com\/o-descanso-perfeito-nao-deveria-ser-igual-para-todos\/\">Ler mais<\/a><\/p>\n<\/div><\/div>\n<\/div><\/div><div class=\"et_pb_group_carousel_slide\"><div class=\"et_pb_group_7 et_pb_group et-last-child et_pb_module et_flex_group et_pb_css_mix_blend_mode_passthrough\" data-loop-item=\"7\">\n<div class=\"et_pb_image_8 et_pb_image et_pb_module et_flex_module\"><a href=\"https:\/\/blog-pt.maxcolchon.com\/medidas-de-edredao-por-tipo-de-cama\/\"><span class=\"et_pb_image_wrap\"><img decoding=\"async\" src=\"https:\/\/blog-pt.maxcolchon.com\/wp-content\/uploads\/2021\/12\/blog-1-19-1024x452.jpg\" alt=\"Medidas do edred\u00e3o\" title=\"Medidas do edred\u00e3o\" width=\"1024\" height=\"452\" srcset=\"https:\/\/blog-pt.maxcolchon.com\/wp-content\/uploads\/2021\/12\/blog-1-19-1024x452.jpg 1024w, https:\/\/blog-pt.maxcolchon.com\/wp-content\/uploads\/2021\/12\/blog-1-19-300x132.jpg 300w, https:\/\/blog-pt.maxcolchon.com\/wp-content\/uploads\/2021\/12\/blog-1-19-768x339.jpg 768w, https:\/\/blog-pt.maxcolchon.com\/wp-content\/uploads\/2021\/12\/blog-1-19-1080x477.jpg 1080w, https:\/\/blog-pt.maxcolchon.com\/wp-content\/uploads\/2021\/12\/blog-1-19.jpg 1446w\" sizes=\"(max-width: 1024px) 100vw, 1024px\" class=\"wp-image-20640\" \/><\/span><\/a><\/div>\n\n<div class=\"et_pb_text_23 et_pb_text et_pb_bg_layout_light et_clickable et_pb_module et_flex_module\"><div class=\"et_pb_text_inner\"><p>Que Medida de <a href=\"https:\/\/www.maxcolchon.com\/pt\/enchimentos-edredao-c-36?utm_source=blogPT&amp;utm_medium=internallink&amp;utm_campaign=edred\u00f5es\" data-internallinksmanager029f6b8e52c=\"27\" title=\"edred\u00f5es\" target=\"_blank\" rel=\"noopener\">Edred\u00e3o<\/a> N\u00f3rdico Comprar? Tabela Completa<\/p>\n<\/div><\/div>\n\n<div class=\"et_pb_text_24 et_pb_text et_pb_bg_layout_light et_pb_module et_flex_module\"><div class=\"et_pb_text_inner\"><p>8 Jun, 2026<\/p>\n<\/div><\/div>\n\n<div class=\"et_pb_text_25 et_pb_text et_pb_bg_layout_light et_pb_module et_flex_module\"><div class=\"et_pb_text_inner\"><p> <a href=\"https:\/\/blog-pt.maxcolchon.com\/medidas-de-edredao-por-tipo-de-cama\/\">Ler mais<\/a><\/p>\n<\/div><\/div>\n<\/div><\/div><\/div><\/div><span class=\"et_pb_group_carousel_arrow et_pb_group_carousel_arrow_prev\" role=\"button\" tabindex=\"0\" aria-label=\"Previous slide\"><span class=\"et-pb-icon\">4<\/span><\/span><span class=\"et_pb_group_carousel_arrow et_pb_group_carousel_arrow_next\" role=\"button\" tabindex=\"0\" aria-label=\"Next slide\"><span class=\"et-pb-icon\">5<\/span><\/span><div class=\"et_pb_group_carousel_dots\"><\/div><\/div>\n<\/div>\n<\/div>\n<\/div>\n\n<div class=\"et_pb_section_3 et_pb_section et_section_regular et_flex_section\">\n<div class=\"et_pb_row_4 et_pb_row et_flex_row\">\n<div class=\"et_pb_column_5 et_pb_column et-last-child et_flex_column et_pb_css_mix_blend_mode_passthrough et_flex_column_24_24 et_flex_column_24_24_tablet et_flex_column_24_24_phone et_flex_column_24_24_tabletWide\">\n<div class=\"et_pb_text_26 et_pb_text et_pb_bg_layout_light et_pb_module et_flex_module\"><div class=\"et_pb_text_inner\"><h2 style=\"text-align: center;\">\u00daltimas novidades sobre o descanso<\/h2>\n<\/div><\/div>\n\n<div class=\"et_pb_group_carousel_1 et_pb_group_carousel et_pb_group et_pb_module et_pb_group_carousel_arrows_outside et_pb_group_carousel_dots_center et_pb_group_carousel_dots_below et_pb_group_carousel_slides_4 et_animated\"><div class=\"et_pb_group_carousel_container\"><div class=\"et_pb_group_carousel_track\"><div class=\"et_pb_group_carousel_slide\"><div class=\"et_pb_group_8 et_pb_group et_pb_module et_flex_group et_pb_css_mix_blend_mode_passthrough\" data-loop-item=\"0\">\n<div class=\"et_pb_image_9 et_pb_image et_pb_module et_flex_module\"><a href=\"https:\/\/blog-pt.maxcolchon.com\/que-almofada-me-convem-para-a-dor-cervical\/\"><span class=\"et_pb_image_wrap\"><img decoding=\"async\" src=\"https:\/\/blog-pt.maxcolchon.com\/wp-content\/uploads\/2022\/05\/blog-1-21-1024x452.jpg\" alt=\"rapariga com dor cervical a dormir de barriga para baixo, com uma almofada cervical\" title=\"Que almofada me conv\u00e9m para a dor cervical\" width=\"1024\" height=\"452\" srcset=\"https:\/\/blog-pt.maxcolchon.com\/wp-content\/uploads\/2022\/05\/blog-1-21-1024x452.jpg 1024w, https:\/\/blog-pt.maxcolchon.com\/wp-content\/uploads\/2022\/05\/blog-1-21-300x132.jpg 300w, https:\/\/blog-pt.maxcolchon.com\/wp-content\/uploads\/2022\/05\/blog-1-21-768x339.jpg 768w, https:\/\/blog-pt.maxcolchon.com\/wp-content\/uploads\/2022\/05\/blog-1-21-1080x477.jpg 1080w, https:\/\/blog-pt.maxcolchon.com\/wp-content\/uploads\/2022\/05\/blog-1-21.jpg 1446w\" sizes=\"(max-width: 1024px) 100vw, 1024px\" class=\"wp-image-22127\" \/><\/span><\/a><\/div>\n\n<div class=\"et_pb_text_27 et_pb_text et_pb_bg_layout_light et_clickable et_pb_module et_flex_module\"><div class=\"et_pb_text_inner\"><p>Almofada para a dor cervical: Como escolher a melhor<\/p>\n<\/div><\/div>\n\n<div class=\"et_pb_text_28 et_pb_text et_pb_bg_layout_light et_pb_module et_flex_module\"><div class=\"et_pb_text_inner\"><p>24 Ago, 2026<\/p>\n<\/div><\/div>\n\n<div class=\"et_pb_text_29 et_pb_text et_pb_bg_layout_light et_pb_module et_flex_module\"><div class=\"et_pb_text_inner\"><p>Escolher a almofada adequada pode ajud\u00e1-lo a manter um correto alinhamento do pesco\u00e7o durante o descanso. Compare as principais caracter\u00edsticas [&hellip;] <a href=\"https:\/\/blog-pt.maxcolchon.com\/que-almofada-me-convem-para-a-dor-cervical\/\">Ler mais<\/a><\/p>\n<\/div><\/div>\n<\/div><\/div><div class=\"et_pb_group_carousel_slide\"><div class=\"et_pb_group_9 et_pb_group et_pb_module et_flex_group et_pb_css_mix_blend_mode_passthrough\" data-loop-item=\"1\">\n<div class=\"et_pb_image_10 et_pb_image et_pb_module et_flex_module\"><a href=\"https:\/\/blog-pt.maxcolchon.com\/as-melhores-almofadas-para-2026\/\"><span class=\"et_pb_image_wrap\"><img decoding=\"async\" src=\"https:\/\/blog-pt.maxcolchon.com\/wp-content\/uploads\/2021\/12\/blog-1-1-4-1024x452.jpg\" alt=\"Melhores almofadas de 2022\" title=\"Melhores almofadas de 2022\" width=\"1024\" height=\"452\" srcset=\"https:\/\/blog-pt.maxcolchon.com\/wp-content\/uploads\/2021\/12\/blog-1-1-4-1024x452.jpg 1024w, https:\/\/blog-pt.maxcolchon.com\/wp-content\/uploads\/2021\/12\/blog-1-1-4-300x132.jpg 300w, https:\/\/blog-pt.maxcolchon.com\/wp-content\/uploads\/2021\/12\/blog-1-1-4-768x339.jpg 768w, https:\/\/blog-pt.maxcolchon.com\/wp-content\/uploads\/2021\/12\/blog-1-1-4-1080x477.jpg 1080w, https:\/\/blog-pt.maxcolchon.com\/wp-content\/uploads\/2021\/12\/blog-1-1-4.jpg 1446w\" sizes=\"(max-width: 1024px) 100vw, 1024px\" class=\"wp-image-20607\" \/><\/span><\/a><\/div>\n\n<div class=\"et_pb_text_30 et_pb_text et_pb_bg_layout_light et_clickable et_pb_module et_flex_module\"><div class=\"et_pb_text_inner\"><p>As melhores almofadas para 2026<\/p>\n<\/div><\/div>\n\n<div class=\"et_pb_text_31 et_pb_text et_pb_bg_layout_light et_pb_module et_flex_module\"><div class=\"et_pb_text_inner\"><p>21 Ago, 2026<\/p>\n<\/div><\/div>\n\n<div class=\"et_pb_text_32 et_pb_text et_pb_bg_layout_light et_pb_module et_flex_module\"><div class=\"et_pb_text_inner\"><p>Se n\u00e3o pode esperar mais para renovar parte do seu conjunto de descanso, aqui apresentamos-lhe as melhores\u00a0almofadas de 2026. E [&hellip;] <a href=\"https:\/\/blog-pt.maxcolchon.com\/as-melhores-almofadas-para-2026\/\">Ler mais<\/a><\/p>\n<\/div><\/div>\n<\/div><\/div><div class=\"et_pb_group_carousel_slide\"><div class=\"et_pb_group_10 et_pb_group et_pb_module et_flex_group et_pb_css_mix_blend_mode_passthrough\" data-loop-item=\"2\">\n<div class=\"et_pb_image_11 et_pb_image et_pb_module et_flex_module\"><a href=\"https:\/\/blog-pt.maxcolchon.com\/os-melhores-colchoes-para-evitar-o-calor-deste-verao\/\"><span class=\"et_pb_image_wrap\"><img decoding=\"async\" src=\"https:\/\/blog-pt.maxcolchon.com\/wp-content\/uploads\/2024\/05\/1-blog-colchones-verano-1024x452.jpg\" title=\"colch\u00f5es de ver\u00e3o\" width=\"1024\" height=\"452\" srcset=\"https:\/\/blog-pt.maxcolchon.com\/wp-content\/uploads\/2024\/05\/1-blog-colchones-verano-1024x452.jpg 1024w, https:\/\/blog-pt.maxcolchon.com\/wp-content\/uploads\/2024\/05\/1-blog-colchones-verano-300x132.jpg 300w, https:\/\/blog-pt.maxcolchon.com\/wp-content\/uploads\/2024\/05\/1-blog-colchones-verano-768x339.jpg 768w, https:\/\/blog-pt.maxcolchon.com\/wp-content\/uploads\/2024\/05\/1-blog-colchones-verano-1080x477.jpg 1080w, https:\/\/blog-pt.maxcolchon.com\/wp-content\/uploads\/2024\/05\/1-blog-colchones-verano.jpg 1446w\" sizes=\"(max-width: 1024px) 100vw, 1024px\" class=\"wp-image-36048\" \/><\/span><\/a><\/div>\n\n<div class=\"et_pb_text_33 et_pb_text et_pb_bg_layout_light et_clickable et_pb_module et_flex_module\"><div class=\"et_pb_text_inner\"><p>Os melhores colch\u00f5es de ver\u00e3o para um descanso fresco e reparador<\/p>\n<\/div><\/div>\n\n<div class=\"et_pb_text_34 et_pb_text et_pb_bg_layout_light et_pb_module et_flex_module\"><div class=\"et_pb_text_inner\"><p>20 Ago, 2026<\/p>\n<\/div><\/div>\n\n<div class=\"et_pb_text_35 et_pb_text et_pb_bg_layout_light et_pb_module et_flex_module\"><div class=\"et_pb_text_inner\"><p>Apenas ter\u00e1 de olhar para as estat\u00edsticas hist\u00f3ricas de Aemet para se dar conta da mudan\u00e7a clim\u00e1tica que estamos a [&hellip;] <a href=\"https:\/\/blog-pt.maxcolchon.com\/os-melhores-colchoes-para-evitar-o-calor-deste-verao\/\">Ler mais<\/a><\/p>\n<\/div><\/div>\n<\/div><\/div><div class=\"et_pb_group_carousel_slide\"><div class=\"et_pb_group_11 et_pb_group et_pb_module et_flex_group et_pb_css_mix_blend_mode_passthrough\" data-loop-item=\"3\">\n<div class=\"et_pb_image_12 et_pb_image et_pb_module et_flex_module\"><a href=\"https:\/\/blog-pt.maxcolchon.com\/colchoes-para-camas-articuladas\/\"><span class=\"et_pb_image_wrap\"><img decoding=\"async\" src=\"https:\/\/blog-pt.maxcolchon.com\/wp-content\/uploads\/2019\/03\/cama-articulada-bajo-1024x452.jpg\" title=\"Estrado_articulado\" width=\"1024\" height=\"452\" srcset=\"https:\/\/blog-pt.maxcolchon.com\/wp-content\/uploads\/2019\/03\/cama-articulada-bajo-1024x452.jpg 1024w, https:\/\/blog-pt.maxcolchon.com\/wp-content\/uploads\/2019\/03\/cama-articulada-bajo-300x132.jpg 300w, https:\/\/blog-pt.maxcolchon.com\/wp-content\/uploads\/2019\/03\/cama-articulada-bajo-768x339.jpg 768w, https:\/\/blog-pt.maxcolchon.com\/wp-content\/uploads\/2019\/03\/cama-articulada-bajo-1080x477.jpg 1080w, https:\/\/blog-pt.maxcolchon.com\/wp-content\/uploads\/2019\/03\/cama-articulada-bajo.jpg 1446w\" sizes=\"(max-width: 1024px) 100vw, 1024px\" class=\"wp-image-33383\" \/><\/span><\/a><\/div>\n\n<div class=\"et_pb_text_36 et_pb_text et_pb_bg_layout_light et_clickable et_pb_module et_flex_module\"><div class=\"et_pb_text_inner\"><p>Como escolher um colch\u00e3o para <a href=\"https:\/\/www.maxcolchon.com\/pt\/estrados-articulados-c-26?utm_source=blogPT&amp;utm_medium=internallink&amp;utm_campaign=estradosarticulados\" data-internallinksmanager029f6b8e52c=\"18\" title=\"Estrados articulados\" target=\"_blank\" rel=\"noopener\">camas articuladas<\/a><\/p>\n<\/div><\/div>\n\n<div class=\"et_pb_text_37 et_pb_text et_pb_bg_layout_light et_pb_module et_flex_module\"><div class=\"et_pb_text_inner\"><p>20 Ago, 2026<\/p>\n<\/div><\/div>\n\n<div class=\"et_pb_text_38 et_pb_text et_pb_bg_layout_light et_pb_module et_flex_module\"><div class=\"et_pb_text_inner\"><p>Desde a pr\u00f3pria independ\u00eancia f\u00edsica que garantem, at\u00e9 \u00e0 comodidade extra que se consegue, para ler ou ver televis\u00e3o. Falamos [&hellip;] <a href=\"https:\/\/blog-pt.maxcolchon.com\/colchoes-para-camas-articuladas\/\">Ler mais<\/a><\/p>\n<\/div><\/div>\n<\/div><\/div><div class=\"et_pb_group_carousel_slide\"><div class=\"et_pb_group_12 et_pb_group et_pb_module et_flex_group et_pb_css_mix_blend_mode_passthrough\" data-loop-item=\"4\">\n<div class=\"et_pb_image_13 et_pb_image et_pb_module et_flex_module\"><a href=\"https:\/\/blog-pt.maxcolchon.com\/como-lavar-um-edredao-de-penas\/\"><span class=\"et_pb_image_wrap\"><img decoding=\"async\" src=\"https:\/\/blog-pt.maxcolchon.com\/wp-content\/uploads\/2025\/08\/edredon-blog-1-1024x452.jpg\" title=\"como lavar um edredom\" width=\"1024\" height=\"452\" srcset=\"https:\/\/blog-pt.maxcolchon.com\/wp-content\/uploads\/2025\/08\/edredon-blog-1-1024x452.jpg 1024w, https:\/\/blog-pt.maxcolchon.com\/wp-content\/uploads\/2025\/08\/edredon-blog-1-300x132.jpg 300w, https:\/\/blog-pt.maxcolchon.com\/wp-content\/uploads\/2025\/08\/edredon-blog-1-768x339.jpg 768w, https:\/\/blog-pt.maxcolchon.com\/wp-content\/uploads\/2025\/08\/edredon-blog-1-1080x477.jpg 1080w, https:\/\/blog-pt.maxcolchon.com\/wp-content\/uploads\/2025\/08\/edredon-blog-1.jpg 1446w\" sizes=\"(max-width: 1024px) 100vw, 1024px\" class=\"wp-image-37552\" \/><\/span><\/a><\/div>\n\n<div class=\"et_pb_text_39 et_pb_text et_pb_bg_layout_light et_clickable et_pb_module et_flex_module\"><div class=\"et_pb_text_inner\"><p>Como lavar um edred\u00e3o de penas ou plumas?<\/p>\n<\/div><\/div>\n\n<div class=\"et_pb_text_40 et_pb_text et_pb_bg_layout_light et_pb_module et_flex_module\"><div class=\"et_pb_text_inner\"><p>20 Ago, 2026<\/p>\n<\/div><\/div>\n\n<div class=\"et_pb_text_41 et_pb_text et_pb_bg_layout_light et_pb_module et_flex_module\"><div class=\"et_pb_text_inner\"><p>Lavar um edred\u00e3o de plumas corretamente \u00e9 uma dessas tarefas dom\u00e9sticas que infundem certo respeito, at\u00e9 que a faz bem [&hellip;] <a href=\"https:\/\/blog-pt.maxcolchon.com\/como-lavar-um-edredao-de-penas\/\">Ler mais<\/a><\/p>\n<\/div><\/div>\n<\/div><\/div><div class=\"et_pb_group_carousel_slide\"><div class=\"et_pb_group_13 et_pb_group et_pb_module et_flex_group et_pb_css_mix_blend_mode_passthrough\" data-loop-item=\"5\">\n<div class=\"et_pb_image_14 et_pb_image et_pb_module et_flex_module\"><a href=\"https:\/\/blog-pt.maxcolchon.com\/como-sao-os-melhores-lencois-para-as-suas-noites-de-verao\/\"><span class=\"et_pb_image_wrap\"><img decoding=\"async\" src=\"https:\/\/blog-pt.maxcolchon.com\/wp-content\/uploads\/2024\/06\/blog-sabanas-verano-1024x452.jpg\" title=\"len\u00e7ois de ver\u00e3o\" width=\"1024\" height=\"452\" srcset=\"https:\/\/blog-pt.maxcolchon.com\/wp-content\/uploads\/2024\/06\/blog-sabanas-verano-1024x452.jpg 1024w, https:\/\/blog-pt.maxcolchon.com\/wp-content\/uploads\/2024\/06\/blog-sabanas-verano-300x132.jpg 300w, https:\/\/blog-pt.maxcolchon.com\/wp-content\/uploads\/2024\/06\/blog-sabanas-verano-768x339.jpg 768w, https:\/\/blog-pt.maxcolchon.com\/wp-content\/uploads\/2024\/06\/blog-sabanas-verano-1080x477.jpg 1080w, https:\/\/blog-pt.maxcolchon.com\/wp-content\/uploads\/2024\/06\/blog-sabanas-verano.jpg 1446w\" sizes=\"(max-width: 1024px) 100vw, 1024px\" class=\"wp-image-34332\" \/><\/span><\/a><\/div>\n\n<div class=\"et_pb_text_42 et_pb_text et_pb_bg_layout_light et_clickable et_pb_module et_flex_module\"><div class=\"et_pb_text_inner\"><p>Melhores len\u00e7\u00f3is de Ver\u00e3o<\/p>\n<\/div><\/div>\n\n<div class=\"et_pb_text_43 et_pb_text et_pb_bg_layout_light et_pb_module et_flex_module\"><div class=\"et_pb_text_inner\"><p>3 Ago, 2026<\/p>\n<\/div><\/div>\n\n<div class=\"et_pb_text_44 et_pb_text et_pb_bg_layout_light et_pb_module et_flex_module\"><div class=\"et_pb_text_inner\"><p> <a href=\"https:\/\/blog-pt.maxcolchon.com\/como-sao-os-melhores-lencois-para-as-suas-noites-de-verao\/\">Ler mais<\/a><\/p>\n<\/div><\/div>\n<\/div><\/div><div class=\"et_pb_group_carousel_slide\"><div class=\"et_pb_group_14 et_pb_group et_pb_module et_flex_group et_pb_css_mix_blend_mode_passthrough\" data-loop-item=\"6\">\n<div class=\"et_pb_image_15 et_pb_image et_pb_module et_flex_module\"><a href=\"https:\/\/blog-pt.maxcolchon.com\/vantagens-de-ter-um-sobre-colchao-viscoelastico\/\"><span class=\"et_pb_image_wrap\"><img decoding=\"async\" src=\"https:\/\/blog-pt.maxcolchon.com\/wp-content\/uploads\/2025\/09\/1-blog-toppers-viscoelasticos-1024x452.jpg\" title=\"toppers viscoel\u00e1sticos\" width=\"1024\" height=\"452\" srcset=\"https:\/\/blog-pt.maxcolchon.com\/wp-content\/uploads\/2025\/09\/1-blog-toppers-viscoelasticos-1024x452.jpg 1024w, https:\/\/blog-pt.maxcolchon.com\/wp-content\/uploads\/2025\/09\/1-blog-toppers-viscoelasticos-300x132.jpg 300w, https:\/\/blog-pt.maxcolchon.com\/wp-content\/uploads\/2025\/09\/1-blog-toppers-viscoelasticos-768x339.jpg 768w, https:\/\/blog-pt.maxcolchon.com\/wp-content\/uploads\/2025\/09\/1-blog-toppers-viscoelasticos-1080x477.jpg 1080w, https:\/\/blog-pt.maxcolchon.com\/wp-content\/uploads\/2025\/09\/1-blog-toppers-viscoelasticos.jpg 1446w\" sizes=\"(max-width: 1024px) 100vw, 1024px\" class=\"wp-image-36793\" \/><\/span><\/a><\/div>\n\n<div class=\"et_pb_text_45 et_pb_text et_pb_bg_layout_light et_clickable et_pb_module et_flex_module\"><div class=\"et_pb_text_inner\"><p>Vantagens dos <a href=\"https:\/\/www.maxcolchon.com\/pt\/toppers-c-89?utm_source=blogPT&amp;utm_medium=internallink&amp;utm_campaign=toppers\" data-internallinksmanager029f6b8e52c=\"9\" title=\"Toppers\" target=\"_blank\" rel=\"noopener\">Toppers<\/a> Viscoel\u00e1sticos<\/p>\n<\/div><\/div>\n\n<div class=\"et_pb_text_46 et_pb_text et_pb_bg_layout_light et_pb_module et_flex_module\"><div class=\"et_pb_text_inner\"><p>30 Jun, 2026<\/p>\n<\/div><\/div>\n\n<div class=\"et_pb_text_47 et_pb_text et_pb_bg_layout_light et_pb_module et_flex_module\"><div class=\"et_pb_text_inner\"><p> <a href=\"https:\/\/blog-pt.maxcolchon.com\/vantagens-de-ter-um-sobre-colchao-viscoelastico\/\">Ler mais<\/a><\/p>\n<\/div><\/div>\n<\/div><\/div><div class=\"et_pb_group_carousel_slide\"><div class=\"et_pb_group_15 et_pb_group et-last-child et_pb_module et_flex_group et_pb_css_mix_blend_mode_passthrough\" data-loop-item=\"7\">\n<div class=\"et_pb_image_16 et_pb_image et_pb_module et_flex_module\"><a href=\"https:\/\/blog-pt.maxcolchon.com\/cabeceira-escandinava-quando-o-frio-se-torna-acolhedor\/\"><span class=\"et_pb_image_wrap\"><img decoding=\"async\" src=\"https:\/\/blog-pt.maxcolchon.com\/wp-content\/uploads\/2026\/06\/02-1-1024x452.jpg\" title=\"02-1\" width=\"1024\" height=\"452\" srcset=\"https:\/\/blog-pt.maxcolchon.com\/wp-content\/uploads\/2026\/06\/02-1-980x432.jpg 980w, https:\/\/blog-pt.maxcolchon.com\/wp-content\/uploads\/2026\/06\/02-1-480x212.jpg 480w\" sizes=\"(min-width: 0px) and (max-width: 480px) 480px, (min-width: 481px) and (max-width: 980px) 980px, (min-width: 981px) 1024px, 100vw\" class=\"wp-image-39216\" \/><\/span><\/a><\/div>\n\n<div class=\"et_pb_text_48 et_pb_text et_pb_bg_layout_light et_clickable et_pb_module et_flex_module\"><div class=\"et_pb_text_inner\"><p><a href=\"https:\/\/www.maxcolchon.com\/pt\/cabeceiras-c-84?utm_source=blogPT&amp;utm_medium=internallink&amp;utm_campaign=cabeceiras\" data-internallinksmanager029f6b8e52c=\"19\" title=\"Cabeceiras de camas\" target=\"_blank\" rel=\"noopener\">Cabeceira<\/a> escandinava, quando o frio se torna acolhedor<\/p>\n<\/div><\/div>\n\n<div class=\"et_pb_text_49 et_pb_text et_pb_bg_layout_light et_pb_module et_flex_module\"><div class=\"et_pb_text_inner\"><p>30 Jun, 2026<\/p>\n<\/div><\/div>\n\n<div class=\"et_pb_text_50 et_pb_text et_pb_bg_layout_light et_pb_module et_flex_module\"><div class=\"et_pb_text_inner\"><p> <a href=\"https:\/\/blog-pt.maxcolchon.com\/cabeceira-escandinava-quando-o-frio-se-torna-acolhedor\/\">Ler mais<\/a><\/p>\n<\/div><\/div>\n<\/div><\/div><\/div><\/div><span class=\"et_pb_group_carousel_arrow et_pb_group_carousel_arrow_prev\" role=\"button\" tabindex=\"0\" aria-label=\"Previous slide\"><span class=\"et-pb-icon\">4<\/span><\/span><span class=\"et_pb_group_carousel_arrow et_pb_group_carousel_arrow_next\" role=\"button\" tabindex=\"0\" aria-label=\"Next slide\"><span class=\"et-pb-icon\">5<\/span><\/span><div class=\"et_pb_group_carousel_dots\"><\/div><\/div>\n<\/div>\n<\/div>\n<\/div>\n\n<div class=\"et_pb_section_4 et_pb_section et_section_regular et_flex_section\">\n<div class=\"et_pb_row_5 et_pb_row et_flex_row\">\n<div class=\"et_pb_column_6 et_pb_column et_flex_column et_pb_css_mix_blend_mode_passthrough et_clickable et_flex_column_6_24 et_flex_column_12_24_tablet et_flex_column_24_24_phone et_flex_column_12_24_tabletWide\">\n<div class=\"et_pb_text_51 et_pb_text et_pb_bg_layout_light et_clickable et_pb_module et_flex_module\"><div class=\"et_pb_text_inner\"><p style=\"text-align: center;\">QUARTO<\/p>\n<\/div><\/div>\n<\/div>\n\n<div class=\"et_pb_column_7 et_pb_column et_flex_column et_pb_css_mix_blend_mode_passthrough et_clickable et_flex_column_6_24 et_flex_column_12_24_tablet et_flex_column_24_24_phone et_flex_column_12_24_tabletWide\">\n<div class=\"et_pb_text_52 et_pb_text et_pb_bg_layout_light et_clickable et_pb_module et_flex_module\"><div class=\"et_pb_text_inner\"><p style=\"text-align: center;\">CONSELHOS<\/p>\n<\/div><\/div>\n<\/div>\n\n<div class=\"et_pb_column_8 et_pb_column et_flex_column et_pb_css_mix_blend_mode_passthrough et_clickable et_flex_column_6_24 et_flex_column_12_24_tablet et_flex_column_24_24_phone et_flex_column_12_24_tabletWide\">\n<div class=\"et_pb_text_53 et_pb_text et_pb_bg_layout_light et_clickable et_pb_module et_flex_module\"><div class=\"et_pb_text_inner\"><p style=\"text-align: center;\">PERTURBA\u00c7\u00d5ES DO SONO<\/p>\n<\/div><\/div>\n<\/div>\n\n<div class=\"et_pb_column_9 et_pb_column et-last-child et_flex_column et_pb_css_mix_blend_mode_passthrough et_clickable et_flex_column_6_24 et_flex_column_12_24_tablet et_flex_column_24_24_phone et_flex_column_12_24_tabletWide\">\n<div class=\"et_pb_text_54 et_pb_text et_pb_bg_layout_light et_clickable et_pb_module et_flex_module\"><div class=\"et_pb_text_inner\"><p style=\"text-align: center;\">CURIOSIDADES<\/p>\n<\/div><\/div>\n<\/div>\n<\/div>\n<\/div>\n\n<div class=\"et_pb_section_5 et_pb_section et_section_regular et_flex_section\">\n<div class=\"et_pb_row_6 et_pb_row et_flex_row\">\n<div class=\"et_pb_column_10 et_pb_column et-last-child et_flex_column et_pb_css_mix_blend_mode_passthrough et_flex_column_24_24 et_flex_column_24_24_tablet et_flex_column_24_24_phone et_flex_column_24_24_tabletWide\">\n<div class=\"et_pb_text_55 et_pb_text et_pb_bg_layout_light et_pb_module et_flex_module\"><div class=\"et_pb_text_inner\"><h2 style=\"text-align: center;\">\u00daLTIMOS ARTIGOS<\/h2>\n<\/div><\/div>\n<\/div>\n<\/div>\n\n<div class=\"et_pb_row_7 et_pb_row et_flex_row\">\n<div class=\"et_pb_column_11 et_pb_column et-last-child et_flex_column et_pb_css_mix_blend_mode_passthrough et_flex_column_24_24 et_flex_column_24_24_tablet et_flex_column_24_24_phone et_flex_column_24_24_tabletWide\">\n<div class=\"et_pb_blog_0 et_pb_blog et_pb_bg_layout_light et_pb_posts et_pb_module\"><div class=\"et_pb_ajax_pagination_container\"><div class=\"et_pb_blog_posts et_grid_module\"><article class=\"et_pb_post et_pb_post_id_22122 clearfix et_pb_blog_item_0_0 post-22122 post type-post status-publish format-standard has-post-thumbnail hentry category-produtos tag-almofada\"><div class=\"et_pb_image_container\"><a href=\"https:\/\/blog-pt.maxcolchon.com\/que-almofada-me-convem-para-a-dor-cervical\/\" class=\"entry-featured-image-url\"><img decoding=\"async\" src=\"https:\/\/blog-pt.maxcolchon.com\/wp-content\/uploads\/2022\/05\/blog-1-21.jpg\" width=\"400\" height=\"176\" alt=\"rapariga com dor cervical a dormir de barriga para baixo, com uma almofada cervical\" class=\"\" srcset=\"https:\/\/blog-pt.maxcolchon.com\/wp-content\/uploads\/2022\/05\/blog-1-21.jpg 479w, https:\/\/blog-pt.maxcolchon.com\/wp-content\/uploads\/2022\/05\/blog-1-21-768x339.jpg 480w\" sizes=\"(max-width:479px) 479px, 100vw\" \/><span data-icon=\"\ue050\" class=\"et_overlay et_pb_inline_icon\"><\/span><\/a><\/div><h2 class=\"entry-title\"><a href=\"https:\/\/blog-pt.maxcolchon.com\/que-almofada-me-convem-para-a-dor-cervical\/\">Almofada para a dor cervical: Como escolher a melhor<\/a><\/h2><p class=\"post-meta\">by <span class=\"author vcard\"><a href=\"https:\/\/blog-pt.maxcolchon.com\/author\/carlos-seo\/\" title=\"Posts by Equipa Maxcolchon\" rel=\"author\">Equipa Maxcolchon<\/a><\/span> | <span class=\"published\">Ago 24, 2026<\/span> | <span class=\"entry-categories\"><a href=\"https:\/\/blog-pt.maxcolchon.com\/quarto-de-dormir\/produtos\/\" rel=\"tag\">Produtos<\/a><\/span><\/p><div class=\"post-content\"><div class=\"post-content-inner\"><p>Escolher a almofada adequada pode ajud\u00e1-lo a manter um correto alinhamento do pesco\u00e7o durante o&#8230;<\/p>\n<\/div><a href=\"https:\/\/blog-pt.maxcolchon.com\/que-almofada-me-convem-para-a-dor-cervical\/\" class=\"more-link\">read more&#8230;<\/a><\/div><\/article><article class=\"et_pb_post et_pb_post_id_20606 clearfix et_pb_blog_item_0_1 post-20606 post type-post status-publish format-standard has-post-thumbnail hentry category-quarto-de-dormir category-produtos tag-almofadas-frescas tag-dormir tag-viscoelastica\"><div class=\"et_pb_image_container\"><a href=\"https:\/\/blog-pt.maxcolchon.com\/as-melhores-almofadas-para-2026\/\" class=\"entry-featured-image-url\"><img decoding=\"async\" src=\"https:\/\/blog-pt.maxcolchon.com\/wp-content\/uploads\/2021\/12\/blog-1-1-4.jpg\" width=\"400\" height=\"176\" alt=\"Melhores almofadas de 2022\" class=\"\" srcset=\"https:\/\/blog-pt.maxcolchon.com\/wp-content\/uploads\/2021\/12\/blog-1-1-4.jpg 479w, https:\/\/blog-pt.maxcolchon.com\/wp-content\/uploads\/2021\/12\/blog-1-1-4-768x339.jpg 480w\" sizes=\"(max-width:479px) 479px, 100vw\" \/><span data-icon=\"\ue050\" class=\"et_overlay et_pb_inline_icon\"><\/span><\/a><\/div><h2 class=\"entry-title\"><a href=\"https:\/\/blog-pt.maxcolchon.com\/as-melhores-almofadas-para-2026\/\">As melhores almofadas para 2026<\/a><\/h2><p class=\"post-meta\">by <span class=\"author vcard\"><a href=\"https:\/\/blog-pt.maxcolchon.com\/author\/carlos-seo\/\" title=\"Posts by Equipa Maxcolchon\" rel=\"author\">Equipa Maxcolchon<\/a><\/span> | <span class=\"published\">Ago 21, 2026<\/span> | <span class=\"entry-categories\"><a href=\"https:\/\/blog-pt.maxcolchon.com\/quarto-de-dormir\/\" rel=\"tag\">QUARTO DE DORMIR<\/a>, <a href=\"https:\/\/blog-pt.maxcolchon.com\/quarto-de-dormir\/produtos\/\" rel=\"tag\">Produtos<\/a><\/span><\/p><div class=\"post-content\"><div class=\"post-content-inner\"><p>Se n\u00e3o pode esperar mais para renovar parte do seu conjunto de descanso, aqui apresentamos-lhe as&#8230;<\/p>\n<\/div><a href=\"https:\/\/blog-pt.maxcolchon.com\/as-melhores-almofadas-para-2026\/\" class=\"more-link\">read more&#8230;<\/a><\/div><\/article><article class=\"et_pb_post et_pb_post_id_34958 clearfix et_pb_blog_item_0_2 post-34958 post type-post status-publish format-standard has-post-thumbnail hentry category-conselhos\"><div class=\"et_pb_image_container\"><a href=\"https:\/\/blog-pt.maxcolchon.com\/afundamento-do-colchao-o-que-e-e-por-que-se-produz\/\" class=\"entry-featured-image-url\"><img decoding=\"async\" src=\"https:\/\/blog-pt.maxcolchon.com\/wp-content\/uploads\/2024\/09\/blog-hundimiento-colchon-1.jpg\" width=\"400\" height=\"176\" alt=\"Afundamento Do Colch\u00e3o: O Que \u00c9 e Por Que Se Produz\" class=\"\" srcset=\"https:\/\/blog-pt.maxcolchon.com\/wp-content\/uploads\/2024\/09\/blog-hundimiento-colchon-1.jpg 479w, https:\/\/blog-pt.maxcolchon.com\/wp-content\/uploads\/2024\/09\/blog-hundimiento-colchon-1-768x339.jpg 480w\" sizes=\"(max-width:479px) 479px, 100vw\" \/><span data-icon=\"\ue050\" class=\"et_overlay et_pb_inline_icon\"><\/span><\/a><\/div><h2 class=\"entry-title\"><a href=\"https:\/\/blog-pt.maxcolchon.com\/afundamento-do-colchao-o-que-e-e-por-que-se-produz\/\">Afundamento Do Colch\u00e3o: O Que \u00c9 e Por Que Se Produz<\/a><\/h2><p class=\"post-meta\">by <span class=\"author vcard\"><a href=\"https:\/\/blog-pt.maxcolchon.com\/author\/carlos-seo\/\" title=\"Posts by Equipa Maxcolchon\" rel=\"author\">Equipa Maxcolchon<\/a><\/span> | <span class=\"published\">Ago 21, 2026<\/span> | <span class=\"entry-categories\"><a href=\"https:\/\/blog-pt.maxcolchon.com\/conselhos\/\" rel=\"tag\">CONSELHOS<\/a><\/span><\/p><div class=\"post-content\"><div class=\"post-content-inner\"><\/div><a href=\"https:\/\/blog-pt.maxcolchon.com\/afundamento-do-colchao-o-que-e-e-por-que-se-produz\/\" class=\"more-link\">read more&#8230;<\/a><\/div><\/article><article class=\"et_pb_post et_pb_post_id_12669 clearfix et_pb_blog_item_0_3 post-12669 post type-post status-publish format-standard has-post-thumbnail hentry category-produtos category-quarto-de-dormir tag-atermico tag-colchoesfrescos tag-gamaalta\"><div class=\"et_pb_image_container\"><a href=\"https:\/\/blog-pt.maxcolchon.com\/os-melhores-colchoes-para-evitar-o-calor-deste-verao\/\" class=\"entry-featured-image-url\"><img decoding=\"async\" src=\"https:\/\/blog-pt.maxcolchon.com\/wp-content\/uploads\/2024\/05\/1-blog-colchones-verano.jpg\" width=\"400\" height=\"176\" alt=\"Os melhores colch\u00f5es de ver\u00e3o para um descanso fresco e reparador\" class=\"\" srcset=\"https:\/\/blog-pt.maxcolchon.com\/wp-content\/uploads\/2024\/05\/1-blog-colchones-verano.jpg 479w, https:\/\/blog-pt.maxcolchon.com\/wp-content\/uploads\/2024\/05\/1-blog-colchones-verano-768x339.jpg 480w\" sizes=\"(max-width:479px) 479px, 100vw\" \/><span data-icon=\"\ue050\" class=\"et_overlay et_pb_inline_icon\"><\/span><\/a><\/div><h2 class=\"entry-title\"><a href=\"https:\/\/blog-pt.maxcolchon.com\/os-melhores-colchoes-para-evitar-o-calor-deste-verao\/\">Os melhores colch\u00f5es de ver\u00e3o para um descanso fresco e reparador<\/a><\/h2><p class=\"post-meta\">by <span class=\"author vcard\"><a href=\"https:\/\/blog-pt.maxcolchon.com\/author\/carlos-seo\/\" title=\"Posts by Equipa Maxcolchon\" rel=\"author\">Equipa Maxcolchon<\/a><\/span> | <span class=\"published\">Ago 20, 2026<\/span> | <span class=\"entry-categories\"><a href=\"https:\/\/blog-pt.maxcolchon.com\/quarto-de-dormir\/produtos\/\" rel=\"tag\">Produtos<\/a>, <a href=\"https:\/\/blog-pt.maxcolchon.com\/quarto-de-dormir\/\" rel=\"tag\">QUARTO DE DORMIR<\/a><\/span><\/p><div class=\"post-content\"><div class=\"post-content-inner\"><p>Apenas ter\u00e1 de olhar para as estat\u00edsticas hist\u00f3ricas de Aemet para se dar conta da mudan\u00e7a&#8230;<\/p>\n<\/div><a href=\"https:\/\/blog-pt.maxcolchon.com\/os-melhores-colchoes-para-evitar-o-calor-deste-verao\/\" class=\"more-link\">read more&#8230;<\/a><\/div><\/article><article class=\"et_pb_post et_pb_post_id_11755 clearfix et_pb_blog_item_0_4 post-11755 post type-post status-publish format-standard has-post-thumbnail hentry category-produtos category-quarto-de-dormir tag-5planos tag-articulado tag-estradoarticulado\"><div class=\"et_pb_image_container\"><a href=\"https:\/\/blog-pt.maxcolchon.com\/colchoes-para-camas-articuladas\/\" class=\"entry-featured-image-url\"><img decoding=\"async\" src=\"https:\/\/blog-pt.maxcolchon.com\/wp-content\/uploads\/2019\/03\/cama-articulada-bajo.jpg\" width=\"400\" height=\"176\" alt=\"Como escolher um colch\u00e3o para camas articuladas\" class=\"\" srcset=\"https:\/\/blog-pt.maxcolchon.com\/wp-content\/uploads\/2019\/03\/cama-articulada-bajo.jpg 479w, https:\/\/blog-pt.maxcolchon.com\/wp-content\/uploads\/2019\/03\/cama-articulada-bajo-768x339.jpg 480w\" sizes=\"(max-width:479px) 479px, 100vw\" \/><span data-icon=\"\ue050\" class=\"et_overlay et_pb_inline_icon\"><\/span><\/a><\/div><h2 class=\"entry-title\"><a href=\"https:\/\/blog-pt.maxcolchon.com\/colchoes-para-camas-articuladas\/\">Como escolher um colch\u00e3o para camas articuladas<\/a><\/h2><p class=\"post-meta\">by <span class=\"author vcard\"><a href=\"https:\/\/blog-pt.maxcolchon.com\/author\/carlos-seo\/\" title=\"Posts by Equipa Maxcolchon\" rel=\"author\">Equipa Maxcolchon<\/a><\/span> | <span class=\"published\">Ago 20, 2026<\/span> | <span class=\"entry-categories\"><a href=\"https:\/\/blog-pt.maxcolchon.com\/quarto-de-dormir\/produtos\/\" rel=\"tag\">Produtos<\/a>, <a href=\"https:\/\/blog-pt.maxcolchon.com\/quarto-de-dormir\/\" rel=\"tag\">QUARTO DE DORMIR<\/a><\/span><\/p><div class=\"post-content\"><div class=\"post-content-inner\"><p>Desde a pr\u00f3pria independ\u00eancia f\u00edsica que garantem, at\u00e9 \u00e0 comodidade extra que se consegue, para&#8230;<\/p>\n<\/div><a href=\"https:\/\/blog-pt.maxcolchon.com\/colchoes-para-camas-articuladas\/\" class=\"more-link\">read more&#8230;<\/a><\/div><\/article><article class=\"et_pb_post et_pb_post_id_11889 clearfix et_pb_blog_item_0_5 post-11889 post type-post status-publish format-standard has-post-thumbnail hentry category-produtos category-quarto-de-dormir\"><div class=\"et_pb_image_container\"><a href=\"https:\/\/blog-pt.maxcolchon.com\/como-lavar-um-edredao-de-penas\/\" class=\"entry-featured-image-url\"><img decoding=\"async\" src=\"https:\/\/blog-pt.maxcolchon.com\/wp-content\/uploads\/2025\/08\/edredon-blog-1.jpg\" width=\"400\" height=\"176\" alt=\"Como lavar um edred\u00e3o de penas ou plumas?\" class=\"\" srcset=\"https:\/\/blog-pt.maxcolchon.com\/wp-content\/uploads\/2025\/08\/edredon-blog-1.jpg 479w, https:\/\/blog-pt.maxcolchon.com\/wp-content\/uploads\/2025\/08\/edredon-blog-1-768x339.jpg 480w\" sizes=\"(max-width:479px) 479px, 100vw\" \/><span data-icon=\"\ue050\" class=\"et_overlay et_pb_inline_icon\"><\/span><\/a><\/div><h2 class=\"entry-title\"><a href=\"https:\/\/blog-pt.maxcolchon.com\/como-lavar-um-edredao-de-penas\/\">Como lavar um edred\u00e3o de penas ou plumas?<\/a><\/h2><p class=\"post-meta\">by <span class=\"author vcard\"><a href=\"https:\/\/blog-pt.maxcolchon.com\/author\/carlos-seo\/\" title=\"Posts by Equipa Maxcolchon\" rel=\"author\">Equipa Maxcolchon<\/a><\/span> | <span class=\"published\">Ago 20, 2026<\/span> | <span class=\"entry-categories\"><a href=\"https:\/\/blog-pt.maxcolchon.com\/quarto-de-dormir\/produtos\/\" rel=\"tag\">Produtos<\/a>, <a href=\"https:\/\/blog-pt.maxcolchon.com\/quarto-de-dormir\/\" rel=\"tag\">QUARTO DE DORMIR<\/a><\/span><\/p><div class=\"post-content\"><div class=\"post-content-inner\"><p>Lavar um edred\u00e3o de plumas corretamente \u00e9 uma dessas tarefas dom\u00e9sticas que infundem certo&#8230;<\/p>\n<\/div><a href=\"https:\/\/blog-pt.maxcolchon.com\/como-lavar-um-edredao-de-penas\/\" class=\"more-link\">read more&#8230;<\/a><\/div><\/article><\/div><div class=\"pagination clearfix\">\n\t<div class=\"alignleft\"><a href=\"https:\/\/blog-pt.maxcolchon.com\/wp-json\/wp\/v2\/pages\/38885\/page\/2\/?et_blog\">&laquo; Older Entries<\/a><\/div>\n\t<div class=\"alignright\"><\/div>\n<\/div><\/div><\/div>\n<\/div>\n<\/div>\n<\/div>\n\n<div class=\"et_pb_section_6 et_pb_section et_section_regular et_flex_section\">\n<div class=\"et_pb_row_8 et_pb_row et_flex_row\">\n<div class=\"et_pb_column_12 et_pb_column et-last-child et_flex_column et_pb_css_mix_blend_mode_passthrough et_flex_column_24_24 et_flex_column_24_24_tablet et_flex_column_24_24_phone et_flex_column_24_24_tabletWide\">\n<div class=\"et_pb_text_56 et_pb_text et_pb_bg_layout_light et_pb_module et_flex_module\"><div class=\"et_pb_text_inner\"><h2 style=\"text-align: center;\">PRODUTOS EM DESTAQUE<\/h2>\n<\/div><\/div>\n<\/div>\n<\/div>\n\n<div class=\"et_pb_row_9 et_pb_row et_flex_row\">\n<div class=\"et_pb_column_13 et_pb_column et_flex_column et_pb_css_mix_blend_mode_passthrough et_flex_column_12_24 et_flex_column_24_24_tablet et_flex_column_24_24_phone et_flex_column_24_24_tabletWide\">\n<div class=\"et_pb_text_57 et_pb_text et_pb_bg_layout_light et_clickable et_pb_module et_flex_module\"><div class=\"et_pb_text_inner\"><h3>Colch\u00e3o JustSleep One \u203a<\/h3>\n<p>Desde* 333,78\u20ac<\/p>\n<\/div><\/div>\n<\/div>\n\n<div class=\"et_pb_column_14 et_pb_column et_flex_column et_pb_css_mix_blend_mode_passthrough et_flex_column_12_24 et_flex_column_24_24_tablet et_flex_column_24_24_phone et_flex_column_24_24_tabletWide\">\n<div class=\"et_pb_text_58 et_pb_text et_pb_bg_layout_light et_clickable et_pb_module et_flex_module\"><div class=\"et_pb_text_inner\"><h3>Cabeceira Oporto Premium \u203a<\/h3>\n<p>Desde* 239,74\u20ac<\/p>\n<\/div><\/div>\n\n<div class=\"et_pb_text_59 et_pb_text et_pb_bg_layout_light et_clickable et_pb_module et_flex_module\"><div class=\"et_pb_text_inner\"><h3>Colch\u00e3o Oximax \u203a<\/h3>\n<p>Desde* 417,04\u20ac<\/p>\n<\/div><\/div>\n<\/div>\n\n<div class=\"et_pb_column_15 et_pb_column et-last-child et_flex_column et_pb_css_mix_blend_mode_passthrough et_flex_column_12_24 et_flex_column_24_24_tablet et_flex_column_24_24_phone et_flex_column_24_24_tabletWide\">\n<div class=\"et_pb_text_60 et_pb_text et_pb_bg_layout_light et_clickable et_pb_module et_flex_module\"><div class=\"et_pb_text_inner\"><h3>Base Revestida Dividida \u203a<\/h3>\n<p>Desde* 106,06\u20ac<\/p>\n<\/div><\/div>\n\n<div class=\"et_pb_text_61 et_pb_text et_pb_bg_layout_light et_clickable et_pb_module et_flex_module\"><div class=\"et_pb_text_inner\"><h3>Sommier Rebat\u00edvel Pele Sint\u00e9tica \u203a<\/h3>\n<p>Desde* 286,63\u20ac<\/p>\n<\/div><\/div>\n<\/div>\n<\/div>\n\n<div class=\"et_pb_row_10 et_pb_row et_flex_row\">\n<div class=\"et_pb_column_16 et_pb_column et-last-child et_flex_column et_pb_css_mix_blend_mode_passthrough et_flex_column_24_24 et_flex_column_24_24_tablet et_flex_column_24_24_phone et_flex_column_24_24_tabletWide\">\n<div class=\"et_pb_text_62 et_pb_text et_pb_bg_layout_light et_clickable et_pb_module et_flex_module\"><div class=\"et_pb_text_inner\"><h3>Colch\u00e3o JustSleep One \u203a<\/h3>\n<p>Desde* 333,78\u20ac<\/p>\n<\/div><\/div>\n<\/div>\n<\/div>\n\n<div class=\"et_pb_row_11 et_pb_row et_flex_row\">\n<div class=\"et_pb_column_17 et_pb_column et_flex_column et_pb_css_mix_blend_mode_passthrough et_flex_column_12_24 et_flex_column_12_24_tablet et_flex_column_24_24_phone et_flex_column_12_24_tabletWide\">\n<div class=\"et_pb_text_63 et_pb_text et_pb_bg_layout_light et_clickable et_pb_module et_flex_module\"><div class=\"et_pb_text_inner\" data-et-mv-hidden-phone=\"true\"><h3>Cabeceira Oporto Premium \u203a<\/h3>\n<p>Desde* 239,74\u20ac<\/p>\n<\/div><\/div>\n<\/div>\n\n<div class=\"et_pb_column_18 et_pb_column et-last-child et_flex_column et_pb_css_mix_blend_mode_passthrough et_flex_column_12_24 et_flex_column_12_24_tablet et_flex_column_24_24_phone et_flex_column_12_24_tabletWide\">\n<div class=\"et_pb_text_64 et_pb_text et_pb_bg_layout_light et_clickable et_pb_module et_flex_module\"><div class=\"et_pb_text_inner\"><h3>Colch\u00e3o Oximax \u203a<\/h3>\n<p>Desde* 417,04\u20ac<\/p>\n<\/div><\/div>\n<\/div>\n<\/div>\n\n<div class=\"et_pb_row_12 et_pb_row et_flex_row\">\n<div class=\"et_pb_column_19 et_pb_column et_flex_column et_pb_css_mix_blend_mode_passthrough et_flex_column_12_24 et_flex_column_12_24_tablet et_flex_column_24_24_phone et_flex_column_12_24_tabletWide\">\n<div class=\"et_pb_text_65 et_pb_text et_pb_bg_layout_light et_clickable et_pb_module et_flex_module\"><div class=\"et_pb_text_inner\"><h3>Base Revestida Dividida \u203a<\/h3>\n<p>Desde* 106,06\u20ac<\/p>\n<\/div><\/div>\n<\/div>\n\n<div class=\"et_pb_column_20 et_pb_column et-last-child et_flex_column et_pb_css_mix_blend_mode_passthrough et_flex_column_12_24 et_flex_column_12_24_tablet et_flex_column_24_24_phone et_flex_column_12_24_tabletWide\">\n<div class=\"et_pb_text_66 et_pb_text et_pb_bg_layout_light et_clickable et_pb_module et_flex_module\"><div class=\"et_pb_text_inner\"><h3>Sommier Rebat\u00edvel Pele Sint\u00e9tica \u203a<\/h3>\n<p>Desde* 286,63\u20ac<\/p>\n<\/div><\/div>\n<\/div>\n<\/div>\n\n<div class=\"et_pb_row_13 et_pb_row et_flex_row\">\n<div class=\"et_pb_column_21 et_pb_column et-last-child et_flex_column et_pb_css_mix_blend_mode_passthrough et_flex_column_24_24 et_flex_column_24_24_tablet et_flex_column_24_24_phone et_flex_column_24_24_tabletWide\">\n<div class=\"et_pb_module et_pb_button_module_wrapper et_pb_button_0_wrapper\"><a class=\"et_pb_button_0 et_pb_button et_pb_bg_layout_dark et_pb_module et_flex_module\" href=\"https:\/\/www.maxcolchon.com\/pt\/\" target=\"_blank\" rel=\"noopener\">Ir \u00e0 loja<\/a><\/div>\n<\/div>\n<\/div>\n<\/div>\n\n<div class=\"et_pb_section_7 et_pb_section et_section_regular et_flex_section\">\n<div class=\"et_pb_row_14 et_pb_row et_flex_row\">\n<div class=\"et_pb_column_22 et_pb_column et-last-child et_flex_column et_pb_css_mix_blend_mode_passthrough et_flex_column_24_24 et_flex_column_24_24_tablet et_flex_column_24_24_phone et_flex_column_24_24_tabletWide\">\n<div class=\"et_pb_text_67 et_pb_text et_pb_bg_layout_light et_pb_module et_flex_module\"><div class=\"et_pb_text_inner\"><h2 style=\"text-align: center;\">FALAM DE N\u00d3S<\/h2>\n<\/div><\/div>\n<\/div>\n<\/div>\n\n<div class=\"et_pb_row_15 et_pb_row et_flex_row\">\n<div class=\"et_pb_column_23 et_pb_column et_flex_column et_pb_css_mix_blend_mode_passthrough et_flex_column_4_24 et_flex_column_8_24_tablet et_flex_column_12_24_phone et_flex_column_8_24_tabletWide\">\n<div class=\"et_pb_image_17 et_pb_image et_pb_module et_flex_module\"><a href=\"https:\/\/www.maxcolchon.com\/pt\/sala-imprensa\" target=\"_blank\" rel=\"noopener\"><span class=\"et_pb_image_wrap\"><img decoding=\"async\" src=\"https:\/\/blog-pt.maxcolchon.com\/wp-content\/uploads\/2026\/05\/medios-activa.png\" title=\"medios-activa\" width=\"200\" height=\"69\" srcset=\"https:\/\/blog-pt.maxcolchon.com\/wp-content\/uploads\/2026\/05\/medios-activa.png 200w\" sizes=\"(max-width: 200px) 100vw, 200px\" class=\"wp-image-38973 wp-image-38507\" \/><\/span><\/a><\/div>\n<\/div>\n\n<div class=\"et_pb_column_24 et_pb_column et_flex_column et_pb_css_mix_blend_mode_passthrough et_flex_column_4_24 et_flex_column_8_24_tablet et_flex_column_12_24_phone et_flex_column_8_24_tabletWide\">\n<div class=\"et_pb_image_18 et_pb_image et_pb_module et_flex_module\"><a href=\"https:\/\/www.maxcolchon.com\/pt\/sala-imprensa\" target=\"_blank\" rel=\"noopener\"><span class=\"et_pb_image_wrap\"><img decoding=\"async\" src=\"https:\/\/blog-pt.maxcolchon.com\/wp-content\/uploads\/2026\/05\/medios-correio.png\" title=\"medios-correio\" width=\"290\" height=\"100\" srcset=\"https:\/\/blog-pt.maxcolchon.com\/wp-content\/uploads\/2026\/05\/medios-correio.png 290w\" sizes=\"(max-width: 290px) 100vw, 290px\" class=\"wp-image-38974 wp-image-39213 wp-image-39483\" \/><\/span><\/a><\/div>\n<\/div>\n\n<div class=\"et_pb_column_25 et_pb_column et_flex_column et_pb_css_mix_blend_mode_passthrough et_flex_column_4_24 et_flex_column_8_24_tablet et_flex_column_12_24_phone et_flex_column_8_24_tabletWide\">\n<div class=\"et_pb_image_19 et_pb_image et_pb_module et_flex_module\"><a href=\"https:\/\/www.maxcolchon.com\/pt\/sala-imprensa\" target=\"_blank\" rel=\"noopener\"><span class=\"et_pb_image_wrap\"><img decoding=\"async\" src=\"https:\/\/blog-pt.maxcolchon.com\/wp-content\/uploads\/2026\/05\/medios-averdade.png\" title=\"medios-urbana\" width=\"200\" height=\"69\" srcset=\"https:\/\/blog-pt.maxcolchon.com\/wp-content\/uploads\/2026\/05\/medios-averdade.png 200w\" sizes=\"(max-width: 200px) 100vw, 200px\" class=\"wp-image-38975 wp-image-38510 wp-image-38976\" \/><\/span><\/a><\/div>\n<\/div>\n\n<div class=\"et_pb_column_26 et_pb_column et_flex_column et_pb_css_mix_blend_mode_passthrough et_flex_column_4_24 et_flex_column_8_24_tablet et_flex_column_12_24_phone et_flex_column_8_24_tabletWide\">\n<div class=\"et_pb_image_20 et_pb_image et_pb_module et_flex_module\"><a href=\"https:\/\/www.maxcolchon.com\/pt\/sala-imprensa\" target=\"_blank\" rel=\"noopener\"><span class=\"et_pb_image_wrap\"><img decoding=\"async\" src=\"https:\/\/blog-pt.maxcolchon.com\/wp-content\/uploads\/2026\/05\/medios-urbana.png\" title=\"medios-averdade\" width=\"290\" height=\"100\" srcset=\"https:\/\/blog-pt.maxcolchon.com\/wp-content\/uploads\/2026\/05\/medios-urbana.png 290w\" sizes=\"(max-width: 290px) 100vw, 290px\" class=\"wp-image-38976 wp-image-39214 wp-image-38975\" \/><\/span><\/a><\/div>\n<\/div>\n\n<div class=\"et_pb_column_27 et_pb_column et_flex_column et_pb_css_mix_blend_mode_passthrough et_flex_column_4_24 et_flex_column_8_24_tablet et_flex_column_12_24_phone et_flex_column_8_24_tabletWide\">\n<div class=\"et_pb_image_21 et_pb_image et_pb_module et_flex_module\"><a href=\"https:\/\/www.maxcolchon.com\/pt\/sala-imprensa\" target=\"_blank\" rel=\"noopener\"><span class=\"et_pb_image_wrap\"><img decoding=\"async\" src=\"https:\/\/blog-pt.maxcolchon.com\/wp-content\/uploads\/2026\/05\/medios-casas.png\" title=\"medios-casas\" width=\"200\" height=\"69\" srcset=\"https:\/\/blog-pt.maxcolchon.com\/wp-content\/uploads\/2026\/05\/medios-casas.png 200w\" sizes=\"(max-width: 200px) 100vw, 200px\" class=\"wp-image-38977 wp-image-38512 wp-image-39486\" \/><\/span><\/a><\/div>\n<\/div>\n\n<div class=\"et_pb_column_28 et_pb_column et-last-child et_flex_column et_pb_css_mix_blend_mode_passthrough et_flex_column_4_24 et_flex_column_8_24_tablet et_flex_column_12_24_phone et_flex_column_8_24_tabletWide\">\n<div class=\"et_pb_image_22 et_pb_image et_pb_module et_flex_module\"><a href=\"https:\/\/www.maxcolchon.com\/pt\/sala-imprensa\" target=\"_blank\" rel=\"noopener\"><span class=\"et_pb_image_wrap\"><img decoding=\"async\" src=\"https:\/\/blog-pt.maxcolchon.com\/wp-content\/uploads\/2026\/05\/medios-caras.png\" title=\"medios-caras\" width=\"200\" height=\"69\" srcset=\"https:\/\/blog-pt.maxcolchon.com\/wp-content\/uploads\/2026\/05\/medios-caras.png 200w\" sizes=\"(max-width: 200px) 100vw, 200px\" class=\"wp-image-38978 wp-image-39215 wp-image-39487\" \/><\/span><\/a><\/div>\n<\/div>\n<\/div>\n\n<div class=\"et_pb_row_16 et_pb_row et_flex_row\">\n<div class=\"et_pb_column_29 et_pb_column et_flex_column et_pb_css_mix_blend_mode_passthrough et_flex_column_4_24 et_flex_column_8_24_tablet et_flex_column_12_24_phone et_flex_column_8_24_tabletWide\">\n<div class=\"et_pb_image_23 et_pb_image et_pb_module et_flex_module\"><a href=\"https:\/\/www.maxcolchon.com\/pt\/sala-imprensa\" target=\"_blank\" rel=\"noopener\"><span class=\"et_pb_image_wrap\"><img decoding=\"async\" src=\"https:\/\/blog-pt.maxcolchon.com\/wp-content\/uploads\/2026\/05\/medios-observador.png\" title=\"medios-observador\" width=\"200\" height=\"69\" srcset=\"https:\/\/blog-pt.maxcolchon.com\/wp-content\/uploads\/2026\/05\/medios-observador.png 200w\" sizes=\"(max-width: 200px) 100vw, 200px\" class=\"wp-image-38983 wp-image-39216 wp-image-39488\" \/><\/span><\/a><\/div>\n<\/div>\n\n<div class=\"et_pb_column_30 et_pb_column et_flex_column et_pb_css_mix_blend_mode_passthrough et_flex_column_4_24 et_flex_column_8_24_tablet et_flex_column_12_24_phone et_flex_column_8_24_tabletWide\">\n<div class=\"et_pb_image_24 et_pb_image et_pb_module et_flex_module\"><a href=\"https:\/\/www.maxcolchon.com\/sala-prensa\" target=\"_blank\" rel=\"noopener\"><span class=\"et_pb_image_wrap\"><img decoding=\"async\" src=\"https:\/\/blog-pt.maxcolchon.com\/wp-content\/uploads\/2026\/05\/medios-casa-design.png\" title=\"medios-casa-design\" width=\"200\" height=\"69\" srcset=\"https:\/\/blog-pt.maxcolchon.com\/wp-content\/uploads\/2026\/05\/medios-casa-design.png 200w\" sizes=\"(max-width: 200px) 100vw, 200px\" class=\"wp-image-38980 wp-image-38514 wp-image-39489\" \/><\/span><\/a><\/div>\n<\/div>\n\n<div class=\"et_pb_column_31 et_pb_column et_flex_column et_pb_css_mix_blend_mode_passthrough et_flex_column_4_24 et_flex_column_8_24_tablet et_flex_column_12_24_phone et_flex_column_8_24_tabletWide\">\n<div class=\"et_pb_image_25 et_pb_image et_pb_module et_flex_module\"><a href=\"https:\/\/www.maxcolchon.com\/pt\/sala-imprensa\" target=\"_blank\" rel=\"noopener\"><span class=\"et_pb_image_wrap\"><img decoding=\"async\" src=\"https:\/\/blog-pt.maxcolchon.com\/wp-content\/uploads\/2026\/05\/medios-saber-viver.png\" title=\"medios-saber-viver\" width=\"290\" height=\"100\" srcset=\"https:\/\/blog-pt.maxcolchon.com\/wp-content\/uploads\/2026\/05\/medios-saber-viver.png 290w\" sizes=\"(max-width: 290px) 100vw, 290px\" class=\"wp-image-38982 wp-image-39217 wp-image-39490\" \/><\/span><\/a><\/div>\n<\/div>\n\n<div class=\"et_pb_column_32 et_pb_column et_flex_column et_pb_css_mix_blend_mode_passthrough et_flex_column_4_24 et_flex_column_8_24_tablet et_flex_column_12_24_phone et_flex_column_8_24_tabletWide\">\n<div class=\"et_pb_image_26 et_pb_image et_pb_module et_flex_module\"><a href=\"https:\/\/www.maxcolchon.com\/pt\/sala-imprensa\" target=\"_blank\" rel=\"noopener\"><span class=\"et_pb_image_wrap\"><img decoding=\"async\" src=\"https:\/\/blog-pt.maxcolchon.com\/wp-content\/uploads\/2026\/05\/medios-jornal-do-centro.png\" title=\"medios-jornal-do-centro\" width=\"290\" height=\"100\" srcset=\"https:\/\/blog-pt.maxcolchon.com\/wp-content\/uploads\/2026\/05\/medios-jornal-do-centro.png 290w\" sizes=\"(max-width: 290px) 100vw, 290px\" class=\"wp-image-38981 wp-image-38516 wp-image-39491\" \/><\/span><\/a><\/div>\n<\/div>\n\n<div class=\"et_pb_column_33 et_pb_column et_flex_column et_pb_css_mix_blend_mode_passthrough et_flex_column_4_24 et_flex_column_8_24_tablet et_flex_column_12_24_phone et_flex_column_8_24_tabletWide\">\n<div class=\"et_pb_image_27 et_pb_image et_pb_module et_flex_module\"><a href=\"https:\/\/www.maxcolchon.com\/sala-prensa\" target=\"_blank\" rel=\"noopener\"><span class=\"et_pb_image_wrap\"><img decoding=\"async\" src=\"https:\/\/blog-pt.maxcolchon.com\/wp-content\/uploads\/2026\/05\/medios-sabado.png\" title=\"medios-sabado\" width=\"200\" height=\"69\" srcset=\"https:\/\/blog-pt.maxcolchon.com\/wp-content\/uploads\/2026\/05\/medios-sabado.png 200w\" sizes=\"(max-width: 200px) 100vw, 200px\" class=\"wp-image-38979 wp-image-39218 wp-image-39492\" \/><\/span><\/a><\/div>\n<\/div>\n\n<div class=\"et_pb_column_34 et_pb_column et-last-child et_flex_column et_pb_css_mix_blend_mode_passthrough et_flex_column_4_24 et_flex_column_8_24_tablet et_flex_column_12_24_phone et_flex_column_8_24_tabletWide\">\n<div class=\"et_pb_image_28 et_pb_image et_pb_module et_flex_module\"><a href=\"https:\/\/www.maxcolchon.com\/pt\/sala-imprensa\" target=\"_blank\" rel=\"noopener\"><span class=\"et_pb_image_wrap\"><img decoding=\"async\" src=\"https:\/\/blog-pt.maxcolchon.com\/wp-content\/uploads\/2026\/05\/medios-elle-decoration-pt.png\" title=\"medios-elle-decoration-pt\" width=\"200\" height=\"69\" srcset=\"https:\/\/blog-pt.maxcolchon.com\/wp-content\/uploads\/2026\/05\/medios-elle-decoration-pt.png 200w\" sizes=\"(max-width: 200px) 100vw, 200px\" class=\"wp-image-38984 wp-image-38520 wp-image-39493\" \/><\/span><\/a><\/div>\n<\/div>\n<\/div>\n\n<div class=\"et_pb_row_17 et_pb_row et_flex_row\">\n<div class=\"et_pb_column_35 et_pb_column et-last-child et_flex_column et_pb_css_mix_blend_mode_passthrough et_flex_column_24_24 et_flex_column_24_24_tablet et_flex_column_24_24_phone et_flex_column_24_24_tabletWide\">\n<div class=\"et_pb_module et_pb_button_module_wrapper et_pb_button_1_wrapper\"><a class=\"et_pb_button_1 et_pb_button et_pb_bg_layout_dark et_pb_module et_flex_module\" href=\"https:\/\/www.maxcolchon.com\/pt\/sala-imprensa\" target=\"_blank\" rel=\"noopener\">VER A SALA DE IMPRENSA<\/a><\/div>\n<\/div>\n<\/div>\n<\/div>","protected":false},"excerpt":{"rendered":"","protected":false},"author":1,"featured_media":0,"parent":0,"menu_order":0,"comment_status":"closed","ping_status":"closed","template":"","meta":{"_acf_changed":false,"footnotes":""},"class_list":["post-38885","page","type-page","status-publish","hentry"],"acf":[],"_links":{"self":[{"href":"https:\/\/blog-pt.maxcolchon.com\/wp-json\/wp\/v2\/pages\/38885","targetHints":{"allow":["GET"]}}],"collection":[{"href":"https:\/\/blog-pt.maxcolchon.com\/wp-json\/wp\/v2\/pages"}],"about":[{"href":"https:\/\/blog-pt.maxcolchon.com\/wp-json\/wp\/v2\/types\/page"}],"author":[{"embeddable":true,"href":"https:\/\/blog-pt.maxcolchon.com\/wp-json\/wp\/v2\/users\/1"}],"replies":[{"embeddable":true,"href":"https:\/\/blog-pt.maxcolchon.com\/wp-json\/wp\/v2\/comments?post=38885"}],"version-history":[{"count":78,"href":"https:\/\/blog-pt.maxcolchon.com\/wp-json\/wp\/v2\/pages\/38885\/revisions"}],"predecessor-version":[{"id":39334,"href":"https:\/\/blog-pt.maxcolchon.com\/wp-json\/wp\/v2\/pages\/38885\/revisions\/39334"}],"wp:attachment":[{"href":"https:\/\/blog-pt.maxcolchon.com\/wp-json\/wp\/v2\/media?parent=38885"}],"curies":[{"name":"wp","href":"https:\/\/api.w.org\/{rel}","templated":true}]}}